{"id":466,"date":"2012-08-14T14:30:22","date_gmt":"2012-08-14T14:30:22","guid":{"rendered":"http:\/\/16lo.tarman.pl\/?page_id=466"},"modified":"2018-12-12T08:30:50","modified_gmt":"2018-12-12T08:30:50","slug":"klasa-wojskowa-2","status":"publish","type":"page","link":"http:\/\/16lo.tarman.pl\/?page_id=466","title":{"rendered":"Wojskowa"},"content":{"rendered":"\n<div class=\"ngg-albumoverview\">\t\n\t<!-- List of galleries -->\n\t\n\t<div class=\"ngg-album\">\n\t\t<div class=\"ngg-albumtitle\"><a href=\"http:\/\/16lo.tarman.pl\/index.php\/nggallery\/klasa-wojskowa\/SZKOLENIE-KADET\u00d3W-XVI-LO-?page_id=466\">SZKOLENIE KADET\u00d3W XVI LO <\/a><\/div>\n\t\t\t<div class=\"ngg-albumcontent\">\n\t\t\t\t<div class=\"ngg-thumbnail\">\n\t\t\t\t\t<a href=\"http:\/\/16lo.tarman.pl\/index.php\/nggallery\/klasa-wojskowa\/SZKOLENIE-KADET\u00d3W-XVI-LO-?page_id=466\"><img class=\"Thumb\" alt=\"SZKOLENIE KADET\u00d3W XVI LO \" src=\"http:\/\/16lo.tarman.pl\/wp-content\/gallery\/szkolenie-kadetow-xvi-lo\/cache\/P1380113.JPG-nggid0543696-ngg0dyn-91x68-00f0w010c011r110f110r010t010.JPG\"\/><\/a>\n\t\t\t\t<\/div>\n\t\t\t\t<div class=\"ngg-description\">\n\t\t\t\t<p><\/p>\n\t\t\t\t\t\t\t\t<p class=\"ngg-album-gallery-image-counter\"><strong>8<\/strong>&nbsp;Zdj\u0119\u0107<\/p>\n\t\t\t\t\t\t\t<\/div>\n\t\t<\/div>\n\t<\/div>\n\n \t\n\t<div class=\"ngg-album\">\n\t\t<div class=\"ngg-albumtitle\"><a href=\"http:\/\/16lo.tarman.pl\/index.php\/nggallery\/klasa-wojskowa\/SZKOLENIE-W-TERENIE?page_id=466\">SZKOLENIE W TERENIE<\/a><\/div>\n\t\t\t<div class=\"ngg-albumcontent\">\n\t\t\t\t<div class=\"ngg-thumbnail\">\n\t\t\t\t\t<a href=\"http:\/\/16lo.tarman.pl\/index.php\/nggallery\/klasa-wojskowa\/SZKOLENIE-W-TERENIE?page_id=466\"><img class=\"Thumb\" alt=\"SZKOLENIE W TERENIE\" src=\"http:\/\/16lo.tarman.pl\/wp-content\/gallery\/szkolenie-w-terenie\/cache\/EW-1.jpeg-nggid0543082-ngg0dyn-91x68-00f0w010c011r110f110r010t010.jpeg\"\/><\/a>\n\t\t\t\t<\/div>\n\t\t\t\t<div class=\"ngg-description\">\n\t\t\t\t<p><\/p>\n\t\t\t\t\t\t\t\t<p class=\"ngg-album-gallery-image-counter\"><strong>17<\/strong>&nbsp;Zdj\u0119\u0107<\/p>\n\t\t\t\t\t\t\t<\/div>\n\t\t<\/div>\n\t<\/div>\n\n \t\n\t<div class=\"ngg-album\">\n\t\t<div class=\"ngg-albumtitle\"><a href=\"http:\/\/16lo.tarman.pl\/index.php\/nggallery\/klasa-wojskowa\/szkolenie-w-ramach-projektu-mon?page_id=466\">SZKOLENIE W RAMACH PROJEKTU MON<\/a><\/div>\n\t\t\t<div class=\"ngg-albumcontent\">\n\t\t\t\t<div class=\"ngg-thumbnail\">\n\t\t\t\t\t<a href=\"http:\/\/16lo.tarman.pl\/index.php\/nggallery\/klasa-wojskowa\/szkolenie-w-ramach-projektu-mon?page_id=466\"><img class=\"Thumb\" alt=\"SZKOLENIE W RAMACH PROJEKTU MON\" src=\"http:\/\/16lo.tarman.pl\/wp-content\/gallery\/szkolenie-w-ramach-projektu-mon\/cache\/001.jpeg-nggid0542803-ngg0dyn-91x68-00f0w010c011r110f110r010t010.jpeg\"\/><\/a>\n\t\t\t\t<\/div>\n\t\t\t\t<div class=\"ngg-description\">\n\t\t\t\t<p><\/p>\n\t\t\t\t\t\t\t\t<p class=\"ngg-album-gallery-image-counter\"><strong>18<\/strong>&nbsp;Zdj\u0119\u0107<\/p>\n\t\t\t\t\t\t\t<\/div>\n\t\t<\/div>\n\t<\/div>\n\n \t\n\t<div class=\"ngg-album\">\n\t\t<div class=\"ngg-albumtitle\"><a href=\"http:\/\/16lo.tarman.pl\/index.php\/nggallery\/klasa-wojskowa\/cwiczenia-klas-wojskowych-w-ramach-projektu-edukacja-wojskowa?page_id=466\">\u0106WICZENIA KLAS WOJSKOWYCH W RAMACH PROJEKTU \\\"EDUKACJA WOJSKOWA\\\"<\/a><\/div>\n\t\t\t<div class=\"ngg-albumcontent\">\n\t\t\t\t<div class=\"ngg-thumbnail\">\n\t\t\t\t\t<a href=\"http:\/\/16lo.tarman.pl\/index.php\/nggallery\/klasa-wojskowa\/cwiczenia-klas-wojskowych-w-ramach-projektu-edukacja-wojskowa?page_id=466\"><img class=\"Thumb\" alt=\"\u0106WICZENIA KLAS WOJSKOWYCH W RAMACH PROJEKTU \\&quot;EDUKACJA WOJSKOWA\\&quot;\" src=\"http:\/\/16lo.tarman.pl\/wp-content\/gallery\/cwiczenia-klas-wojskowych-w-ramach-projektu-edukacja-wojskowa\/cache\/IMG_20181211_091041.jpg-nggid0542457-ngg0dyn-91x68-00f0w010c011r110f110r010t010.jpg\"\/><\/a>\n\t\t\t\t<\/div>\n\t\t\t\t<div class=\"ngg-description\">\n\t\t\t\t<p><\/p>\n\t\t\t\t\t\t\t\t<p class=\"ngg-album-gallery-image-counter\"><strong>12<\/strong>&nbsp;Zdj\u0119\u0107<\/p>\n\t\t\t\t\t\t\t<\/div>\n\t\t<\/div>\n\t<\/div>\n\n \t\n\t<div class=\"ngg-album\">\n\t\t<div class=\"ngg-albumtitle\"><a href=\"http:\/\/16lo.tarman.pl\/index.php\/nggallery\/klasa-wojskowa\/zajecia-klasy-wojskowej-w-jednostce-wojskowej?page_id=466\">Zaj\u0119cia klasy wojskowej w Jednostce Wojskowej<\/a><\/div>\n\t\t\t<div class=\"ngg-albumcontent\">\n\t\t\t\t<div class=\"ngg-thumbnail\">\n\t\t\t\t\t<a href=\"http:\/\/16lo.tarman.pl\/index.php\/nggallery\/klasa-wojskowa\/zajecia-klasy-wojskowej-w-jednostce-wojskowej?page_id=466\"><img class=\"Thumb\" alt=\"Zaj\u0119cia klasy wojskowej w Jednostce Wojskowej\" src=\"http:\/\/16lo.tarman.pl\/wp-content\/gallery\/zajecia-klasy-wojskowej-w-jednostce-wojskowej\/cache\/P1370656.JPG-nggid0542391-ngg0dyn-91x68-00f0w010c011r110f110r010t010.JPG\"\/><\/a>\n\t\t\t\t<\/div>\n\t\t\t\t<div class=\"ngg-description\">\n\t\t\t\t<p><\/p>\n\t\t\t\t\t\t\t\t<p class=\"ngg-album-gallery-image-counter\"><strong>24<\/strong>&nbsp;Zdj\u0119\u0107<\/p>\n\t\t\t\t\t\t\t<\/div>\n\t\t<\/div>\n\t<\/div>\n\n \t\n\t<div class=\"ngg-album\">\n\t\t<div class=\"ngg-albumtitle\"><a href=\"http:\/\/16lo.tarman.pl\/index.php\/nggallery\/klasa-wojskowa\/konferencja-naukowa?page_id=466\">KONFERENCJA NAUKOWA<\/a><\/div>\n\t\t\t<div class=\"ngg-albumcontent\">\n\t\t\t\t<div class=\"ngg-thumbnail\">\n\t\t\t\t\t<a href=\"http:\/\/16lo.tarman.pl\/index.php\/nggallery\/klasa-wojskowa\/konferencja-naukowa?page_id=466\"><img class=\"Thumb\" alt=\"KONFERENCJA NAUKOWA\" src=\"http:\/\/16lo.tarman.pl\/wp-content\/gallery\/konferencja-naukowa\/cache\/43717923_2055662691159502_8580090509777698816_n.jpg-nggid0542144-ngg0dyn-91x68-00f0w010c011r110f110r010t010.jpg\"\/><\/a>\n\t\t\t\t<\/div>\n\t\t\t\t<div class=\"ngg-description\">\n\t\t\t\t<p><\/p>\n\t\t\t\t\t\t\t\t<p class=\"ngg-album-gallery-image-counter\"><strong>5<\/strong>&nbsp;Zdj\u0119\u0107<\/p>\n\t\t\t\t\t\t\t<\/div>\n\t\t<\/div>\n\t<\/div>\n\n \t\n\t<div class=\"ngg-album\">\n\t\t<div class=\"ngg-albumtitle\"><a href=\"http:\/\/16lo.tarman.pl\/index.php\/nggallery\/klasa-wojskowa\/organizacja-sil-zbrojnych-rp?page_id=466\">ORGANIZACJA SI\u0141 ZBROJNYCH RP<\/a><\/div>\n\t\t\t<div class=\"ngg-albumcontent\">\n\t\t\t\t<div class=\"ngg-thumbnail\">\n\t\t\t\t\t<a href=\"http:\/\/16lo.tarman.pl\/index.php\/nggallery\/klasa-wojskowa\/organizacja-sil-zbrojnych-rp?page_id=466\"><img class=\"Thumb\" alt=\"ORGANIZACJA SI\u0141 ZBROJNYCH RP\" src=\"http:\/\/16lo.tarman.pl\/wp-content\/gallery\/organizacja-sil-zbrojnych-rp\/cache\/DSCN1002.JPG-nggid0542140-ngg0dyn-91x68-00f0w010c011r110f110r010t010.JPG\"\/><\/a>\n\t\t\t\t<\/div>\n\t\t\t\t<div class=\"ngg-description\">\n\t\t\t\t<p><\/p>\n\t\t\t\t\t\t\t\t<p class=\"ngg-album-gallery-image-counter\"><strong>4<\/strong>&nbsp;Zdj\u0119\u0107<\/p>\n\t\t\t\t\t\t\t<\/div>\n\t\t<\/div>\n\t<\/div>\n\n \t\n\t<div class=\"ngg-album\">\n\t\t<div class=\"ngg-albumtitle\"><a href=\"http:\/\/16lo.tarman.pl\/index.php\/nggallery\/klasa-wojskowa\/zajecia-praktyczne-klas-wojskowych?page_id=466\">ZAJ\u0118CIA PRAKTYCZNE KLAS WOJSKOWYCH<\/a><\/div>\n\t\t\t<div class=\"ngg-albumcontent\">\n\t\t\t\t<div class=\"ngg-thumbnail\">\n\t\t\t\t\t<a href=\"http:\/\/16lo.tarman.pl\/index.php\/nggallery\/klasa-wojskowa\/zajecia-praktyczne-klas-wojskowych?page_id=466\"><img class=\"Thumb\" alt=\"ZAJ\u0118CIA PRAKTYCZNE KLAS WOJSKOWYCH\" src=\"http:\/\/16lo.tarman.pl\/wp-content\/gallery\/zajecia-praktyczne-klas-wojskowych\/cache\/IMG_7197.JPG-nggid0542098-ngg0dyn-91x68-00f0w010c011r110f110r010t010.JPG\"\/><\/a>\n\t\t\t\t<\/div>\n\t\t\t\t<div class=\"ngg-description\">\n\t\t\t\t<p><\/p>\n\t\t\t\t\t\t\t\t<p class=\"ngg-album-gallery-image-counter\"><strong>26<\/strong>&nbsp;Zdj\u0119\u0107<\/p>\n\t\t\t\t\t\t\t<\/div>\n\t\t<\/div>\n\t<\/div>\n\n \t\n\t<div class=\"ngg-album\">\n\t\t<div class=\"ngg-albumtitle\"><a href=\"http:\/\/16lo.tarman.pl\/index.php\/nggallery\/klasa-wojskowa\/tarnowskie-swietowanie-niepodleglosci?page_id=466\">Tarnowskie \u015awi\u0119towanie Niepodleg\u0142o\u015bci<\/a><\/div>\n\t\t\t<div class=\"ngg-albumcontent\">\n\t\t\t\t<div class=\"ngg-thumbnail\">\n\t\t\t\t\t<a href=\"http:\/\/16lo.tarman.pl\/index.php\/nggallery\/klasa-wojskowa\/tarnowskie-swietowanie-niepodleglosci?page_id=466\"><img class=\"Thumb\" alt=\"Tarnowskie \u015awi\u0119towanie Niepodleg\u0142o\u015bci\" src=\"http:\/\/16lo.tarman.pl\/wp-content\/gallery\/tarnowskie-swietowanie-niepodleglosci\/cache\/skanowanie0034.jpg-nggid0542094-ngg0dyn-91x68-00f0w010c011r110f110r010t010.jpg\"\/><\/a>\n\t\t\t\t<\/div>\n\t\t\t\t<div class=\"ngg-description\">\n\t\t\t\t<p><\/p>\n\t\t\t\t\t\t\t\t<p class=\"ngg-album-gallery-image-counter\"><strong>4<\/strong>&nbsp;Zdj\u0119\u0107<\/p>\n\t\t\t\t\t\t\t<\/div>\n\t\t<\/div>\n\t<\/div>\n\n \t\n\t<div class=\"ngg-album\">\n\t\t<div class=\"ngg-albumtitle\"><a href=\"http:\/\/16lo.tarman.pl\/index.php\/nggallery\/klasa-wojskowa\/integracyjny-zlaz-sladami-ignacego-jana-paderewskiego?page_id=466\">Integracyjny Z\u0142az \u201e\u015aladami Ignacego Jana Paderewskiego\u201d<\/a><\/div>\n\t\t\t<div class=\"ngg-albumcontent\">\n\t\t\t\t<div class=\"ngg-thumbnail\">\n\t\t\t\t\t<a href=\"http:\/\/16lo.tarman.pl\/index.php\/nggallery\/klasa-wojskowa\/integracyjny-zlaz-sladami-ignacego-jana-paderewskiego?page_id=466\"><img class=\"Thumb\" alt=\"Integracyjny Z\u0142az \u201e\u015aladami Ignacego Jana Paderewskiego\u201d\" src=\"http:\/\/16lo.tarman.pl\/wp-content\/gallery\/integracyjny-zlaz-sladami-ignacego-jana-paderewskiego\/cache\/1-11.jpg-nggid0541940-ngg0dyn-91x68-00f0w010c011r110f110r010t010.jpg\"\/><\/a>\n\t\t\t\t<\/div>\n\t\t\t\t<div class=\"ngg-description\">\n\t\t\t\t<p><\/p>\n\t\t\t\t\t\t\t\t<p class=\"ngg-album-gallery-image-counter\"><strong>11<\/strong>&nbsp;Zdj\u0119\u0107<\/p>\n\t\t\t\t\t\t\t<\/div>\n\t\t<\/div>\n\t<\/div>\n\n \t\n\t<div class=\"ngg-album\">\n\t\t<div class=\"ngg-albumtitle\"><a href=\"http:\/\/16lo.tarman.pl\/index.php\/nggallery\/klasa-wojskowa\/przysiega-zolnierzy-11-malopolskiej-brygady-obrony-terytorialnej?page_id=466\">PRZYSI\u0118GA \u017bO\u0141NIERZY 11. MA\u0141OPOLSKIEJ  BRYGADY OBRONY TERYTORIALNEJ<\/a><\/div>\n\t\t\t<div class=\"ngg-albumcontent\">\n\t\t\t\t<div class=\"ngg-thumbnail\">\n\t\t\t\t\t<a href=\"http:\/\/16lo.tarman.pl\/index.php\/nggallery\/klasa-wojskowa\/przysiega-zolnierzy-11-malopolskiej-brygady-obrony-terytorialnej?page_id=466\"><img class=\"Thumb\" alt=\"PRZYSI\u0118GA \u017bO\u0141NIERZY 11. MA\u0141OPOLSKIEJ  BRYGADY OBRONY TERYTORIALNEJ\" src=\"http:\/\/16lo.tarman.pl\/wp-content\/gallery\/przysiega-zolnierzy-11-malopolskiej-brygady-obrony-terytorialnej\/cache\/5bc34caed6d86_p.jpg-nggid0541921-ngg0dyn-91x68-00f0w010c011r110f110r010t010.jpg\"\/><\/a>\n\t\t\t\t<\/div>\n\t\t\t\t<div class=\"ngg-description\">\n\t\t\t\t<p><\/p>\n\t\t\t\t\t\t\t\t<p class=\"ngg-album-gallery-image-counter\"><strong>9<\/strong>&nbsp;Zdj\u0119\u0107<\/p>\n\t\t\t\t\t\t\t<\/div>\n\t\t<\/div>\n\t<\/div>\n\n \t\n\t<div class=\"ngg-album\">\n\t\t<div class=\"ngg-albumtitle\"><a href=\"http:\/\/16lo.tarman.pl\/index.php\/nggallery\/klasa-wojskowa\/pierwsze-cwiczenia-w-ramach-projektu-edukacja-wojskowa?page_id=466\">PIERWSZE \u0106WICZENIA W RAMACH PROJEKTU \u201eEDUKACJA WOJSKOWA\u201d<\/a><\/div>\n\t\t\t<div class=\"ngg-albumcontent\">\n\t\t\t\t<div class=\"ngg-thumbnail\">\n\t\t\t\t\t<a href=\"http:\/\/16lo.tarman.pl\/index.php\/nggallery\/klasa-wojskowa\/pierwsze-cwiczenia-w-ramach-projektu-edukacja-wojskowa?page_id=466\"><img class=\"Thumb\" alt=\"PIERWSZE \u0106WICZENIA W RAMACH PROJEKTU \u201eEDUKACJA WOJSKOWA\u201d\" src=\"http:\/\/16lo.tarman.pl\/wp-content\/gallery\/pierwsze-cwiczenia-w-ramach-projektu-edukacja-wojskowa\/cache\/DSCN0988.JPG-nggid0541747-ngg0dyn-91x68-00f0w010c011r110f110r010t010.JPG\"\/><\/a>\n\t\t\t\t<\/div>\n\t\t\t\t<div class=\"ngg-description\">\n\t\t\t\t<p><\/p>\n\t\t\t\t\t\t\t\t<p class=\"ngg-album-gallery-image-counter\"><strong>14<\/strong>&nbsp;Zdj\u0119\u0107<\/p>\n\t\t\t\t\t\t\t<\/div>\n\t\t<\/div>\n\t<\/div>\n\n \t\n\t<div class=\"ngg-album\">\n\t\t<div class=\"ngg-albumtitle\"><a href=\"http:\/\/16lo.tarman.pl\/index.php\/nggallery\/klasa-wojskowa\/uczniowie-klas-wojskowych-na-xxvi-targach-mspo-w-kielcach?page_id=466\">Uczniowie klas wojskowych na XXVI targach MSPO w Kielcach<\/a><\/div>\n\t\t\t<div class=\"ngg-albumcontent\">\n\t\t\t\t<div class=\"ngg-thumbnail\">\n\t\t\t\t\t<a href=\"http:\/\/16lo.tarman.pl\/index.php\/nggallery\/klasa-wojskowa\/uczniowie-klas-wojskowych-na-xxvi-targach-mspo-w-kielcach?page_id=466\"><img class=\"Thumb\" alt=\"Uczniowie klas wojskowych na XXVI targach MSPO w Kielcach\" src=\"http:\/\/16lo.tarman.pl\/wp-content\/gallery\/uczniowie-klas-wojskowych-na-xxvi-targach-mspo-w-kielcach\/cache\/20180904_090007.jpg-nggid0541489-ngg0dyn-91x68-00f0w010c011r110f110r010t010.jpg\"\/><\/a>\n\t\t\t\t<\/div>\n\t\t\t\t<div class=\"ngg-description\">\n\t\t\t\t<p><\/p>\n\t\t\t\t\t\t\t\t<p class=\"ngg-album-gallery-image-counter\"><strong>41<\/strong>&nbsp;Zdj\u0119\u0107<\/p>\n\t\t\t\t\t\t\t<\/div>\n\t\t<\/div>\n\t<\/div>\n\n \t\n\t<div class=\"ngg-album\">\n\t\t<div class=\"ngg-albumtitle\"><a href=\"http:\/\/16lo.tarman.pl\/index.php\/nggallery\/klasa-wojskowa\/przeglad-musztry-klas-mundurowych?page_id=466\">Przegl\u0105d Musztry Klas Mundurowych<\/a><\/div>\n\t\t\t<div class=\"ngg-albumcontent\">\n\t\t\t\t<div class=\"ngg-thumbnail\">\n\t\t\t\t\t<a href=\"http:\/\/16lo.tarman.pl\/index.php\/nggallery\/klasa-wojskowa\/przeglad-musztry-klas-mundurowych?page_id=466\"><img class=\"Thumb\" alt=\"Przegl\u0105d Musztry Klas Mundurowych\" src=\"http:\/\/16lo.tarman.pl\/wp-content\/gallery\/przeglad-musztry-klas-mundurowych\/cache\/DSCN0583.JPG-nggid0540574-ngg0dyn-91x68-00f0w010c011r110f110r010t010.JPG\"\/><\/a>\n\t\t\t\t<\/div>\n\t\t\t\t<div class=\"ngg-description\">\n\t\t\t\t<p><\/p>\n\t\t\t\t\t\t\t\t<p class=\"ngg-album-gallery-image-counter\"><strong>30<\/strong>&nbsp;Zdj\u0119\u0107<\/p>\n\t\t\t\t\t\t\t<\/div>\n\t\t<\/div>\n\t<\/div>\n\n \t\n\t<div class=\"ngg-album\">\n\t\t<div class=\"ngg-albumtitle\"><a href=\"http:\/\/16lo.tarman.pl\/index.php\/nggallery\/klasa-wojskowa\/klasy-wojskowe-w-1-rodin-w-krakowie-balicach-1?page_id=466\">Klasy wojskowe w 1. RODiN w Krakowie-Balicach<\/a><\/div>\n\t\t\t<div class=\"ngg-albumcontent\">\n\t\t\t\t<div class=\"ngg-thumbnail\">\n\t\t\t\t\t<a href=\"http:\/\/16lo.tarman.pl\/index.php\/nggallery\/klasa-wojskowa\/klasy-wojskowe-w-1-rodin-w-krakowie-balicach-1?page_id=466\"><img class=\"Thumb\" alt=\"Klasy wojskowe w 1. RODiN w Krakowie-Balicach\" src=\"http:\/\/16lo.tarman.pl\/wp-content\/gallery\/klasy-wojskowe-w-1-rodin-w-krakowie-balicach_1\/cache\/DSCN0624.JPG-nggid0540524-ngg0dyn-91x68-00f0w010c011r110f110r010t010.JPG\"\/><\/a>\n\t\t\t\t<\/div>\n\t\t\t\t<div class=\"ngg-description\">\n\t\t\t\t<p><\/p>\n\t\t\t\t\t\t\t\t<p class=\"ngg-album-gallery-image-counter\"><strong>50<\/strong>&nbsp;Zdj\u0119\u0107<\/p>\n\t\t\t\t\t\t\t<\/div>\n\t\t<\/div>\n\t<\/div>\n\n \t\n\t<div class=\"ngg-album\">\n\t\t<div class=\"ngg-albumtitle\"><a href=\"http:\/\/16lo.tarman.pl\/index.php\/nggallery\/klasa-wojskowa\/musztra-paradna?page_id=466\">Musztra paradna<\/a><\/div>\n\t\t\t<div class=\"ngg-albumcontent\">\n\t\t\t\t<div class=\"ngg-thumbnail\">\n\t\t\t\t\t<a href=\"http:\/\/16lo.tarman.pl\/index.php\/nggallery\/klasa-wojskowa\/musztra-paradna?page_id=466\"><img class=\"Thumb\" alt=\"Musztra paradna\" src=\"http:\/\/16lo.tarman.pl\/wp-content\/gallery\/musztra-paradna\/cache\/DSCN0098.JPG-nggid0539844-ngg0dyn-91x68-00f0w010c011r110f110r010t010.JPG\"\/><\/a>\n\t\t\t\t<\/div>\n\t\t\t\t<div class=\"ngg-description\">\n\t\t\t\t<p><\/p>\n\t\t\t\t\t\t\t\t<p class=\"ngg-album-gallery-image-counter\"><strong>10<\/strong>&nbsp;Zdj\u0119\u0107<\/p>\n\t\t\t\t\t\t\t<\/div>\n\t\t<\/div>\n\t<\/div>\n\n \t\n\t<div class=\"ngg-album\">\n\t\t<div class=\"ngg-albumtitle\"><a href=\"http:\/\/16lo.tarman.pl\/index.php\/nggallery\/klasa-wojskowa\/nasi-cwicza?page_id=466\">Nasi \u0107wicz\u0105<\/a><\/div>\n\t\t\t<div class=\"ngg-albumcontent\">\n\t\t\t\t<div class=\"ngg-thumbnail\">\n\t\t\t\t\t<a href=\"http:\/\/16lo.tarman.pl\/index.php\/nggallery\/klasa-wojskowa\/nasi-cwicza?page_id=466\"><img class=\"Thumb\" alt=\"Nasi \u0107wicz\u0105\" src=\"http:\/\/16lo.tarman.pl\/wp-content\/gallery\/nasi-cwicza\/cache\/DSC01838.JPG-nggid0539462-ngg0dyn-91x68-00f0w010c011r110f110r010t010.JPG\"\/><\/a>\n\t\t\t\t<\/div>\n\t\t\t\t<div class=\"ngg-description\">\n\t\t\t\t<p><\/p>\n\t\t\t\t\t\t\t\t<p class=\"ngg-album-gallery-image-counter\"><strong>6<\/strong>&nbsp;Zdj\u0119\u0107<\/p>\n\t\t\t\t\t\t\t<\/div>\n\t\t<\/div>\n\t<\/div>\n\n \t\n\t<div class=\"ngg-album\">\n\t\t<div class=\"ngg-albumtitle\"><a href=\"http:\/\/16lo.tarman.pl\/index.php\/nggallery\/klasa-wojskowa\/spotkanie-mlodziezy-xvi-lo-z-dowodca-1-rodin-w-krakowie-balicach?page_id=466\">Spotkanie m\u0142odzie\u017cy XVI LO z dow\u00f3dc\u0105 1. RODiN w Krakowie-Balicach<\/a><\/div>\n\t\t\t<div class=\"ngg-albumcontent\">\n\t\t\t\t<div class=\"ngg-thumbnail\">\n\t\t\t\t\t<a href=\"http:\/\/16lo.tarman.pl\/index.php\/nggallery\/klasa-wojskowa\/spotkanie-mlodziezy-xvi-lo-z-dowodca-1-rodin-w-krakowie-balicach?page_id=466\"><img class=\"Thumb\" alt=\"Spotkanie m\u0142odzie\u017cy XVI LO z dow\u00f3dc\u0105 1. RODiN w Krakowie-Balicach\" src=\"http:\/\/16lo.tarman.pl\/wp-content\/gallery\/spotkanie-mlodziezy-xvi-lo-z-dowodca-1-rodin-w-krakowie-balicach\/cache\/DSC01584.JPG-nggid0538600-ngg0dyn-91x68-00f0w010c011r110f110r010t010.JPG\"\/><\/a>\n\t\t\t\t<\/div>\n\t\t\t\t<div class=\"ngg-description\">\n\t\t\t\t<p><\/p>\n\t\t\t\t\t\t\t\t<p class=\"ngg-album-gallery-image-counter\"><strong>12<\/strong>&nbsp;Zdj\u0119\u0107<\/p>\n\t\t\t\t\t\t\t<\/div>\n\t\t<\/div>\n\t<\/div>\n\n \t\n\t<div class=\"ngg-album\">\n\t\t<div class=\"ngg-albumtitle\"><a href=\"http:\/\/16lo.tarman.pl\/index.php\/nggallery\/klasa-wojskowa\/szkolenie-strzeleckie-klasy-wojskowej?page_id=466\">Szkolenie strzeleckie klasy wojskowej<\/a><\/div>\n\t\t\t<div class=\"ngg-albumcontent\">\n\t\t\t\t<div class=\"ngg-thumbnail\">\n\t\t\t\t\t<a href=\"http:\/\/16lo.tarman.pl\/index.php\/nggallery\/klasa-wojskowa\/szkolenie-strzeleckie-klasy-wojskowej?page_id=466\"><img class=\"Thumb\" alt=\"Szkolenie strzeleckie klasy wojskowej\" src=\"http:\/\/16lo.tarman.pl\/wp-content\/gallery\/szkolenie-strzeleckie-klasy-wojskowej\/cache\/24740006_496940227358826_680493605_o.jpg-nggid0538910-ngg0dyn-91x68-00f0w010c011r110f110r010t010.jpg\"\/><\/a>\n\t\t\t\t<\/div>\n\t\t\t\t<div class=\"ngg-description\">\n\t\t\t\t<p><\/p>\n\t\t\t\t\t\t\t\t<p class=\"ngg-album-gallery-image-counter\"><strong>10<\/strong>&nbsp;Zdj\u0119\u0107<\/p>\n\t\t\t\t\t\t\t<\/div>\n\t\t<\/div>\n\t<\/div>\n\n \t\n\t<div class=\"ngg-album\">\n\t\t<div class=\"ngg-albumtitle\"><a href=\"http:\/\/16lo.tarman.pl\/index.php\/nggallery\/klasa-wojskowa\/spotkanie-uczniow-xvi-lo-z-przedstawicielami-wku-w-tarnowie?page_id=466\">Spotkanie uczni\u00f3w XVI LO z Komendantem WKU w Tarnowie<\/a><\/div>\n\t\t\t<div class=\"ngg-albumcontent\">\n\t\t\t\t<div class=\"ngg-thumbnail\">\n\t\t\t\t\t<a href=\"http:\/\/16lo.tarman.pl\/index.php\/nggallery\/klasa-wojskowa\/spotkanie-uczniow-xvi-lo-z-przedstawicielami-wku-w-tarnowie?page_id=466\"><img class=\"Thumb\" alt=\"Spotkanie uczni\u00f3w XVI LO z Komendantem WKU w Tarnowie\" src=\"http:\/\/16lo.tarman.pl\/wp-content\/gallery\/spotkanie-uczniow-xvi-lo-z-przedstawicielami-wku-w-tarnowie\/cache\/DSC01372.JPG-nggid0538368-ngg0dyn-91x68-00f0w010c011r110f110r010t010.JPG\"\/><\/a>\n\t\t\t\t<\/div>\n\t\t\t\t<div class=\"ngg-description\">\n\t\t\t\t<p><\/p>\n\t\t\t\t\t\t\t\t<p class=\"ngg-album-gallery-image-counter\"><strong>9<\/strong>&nbsp;Zdj\u0119\u0107<\/p>\n\t\t\t\t\t\t\t<\/div>\n\t\t<\/div>\n\t<\/div>\n\n \t\n\t<div class=\"ngg-album\">\n\t\t<div class=\"ngg-albumtitle\"><a href=\"http:\/\/16lo.tarman.pl\/index.php\/nggallery\/klasa-wojskowa\/klasy-wojskowe-w-1-rodin-w-krakowie-balicach?page_id=466\">Klasy wojskowe w 1. RODiN w Krakowie-Balicach<\/a><\/div>\n\t\t\t<div class=\"ngg-albumcontent\">\n\t\t\t\t<div class=\"ngg-thumbnail\">\n\t\t\t\t\t<a href=\"http:\/\/16lo.tarman.pl\/index.php\/nggallery\/klasa-wojskowa\/klasy-wojskowe-w-1-rodin-w-krakowie-balicach?page_id=466\"><img class=\"Thumb\" alt=\"Klasy wojskowe w 1. RODiN w Krakowie-Balicach\" src=\"http:\/\/16lo.tarman.pl\/wp-content\/gallery\/klasy-wojskowe-w-1-rodin-w-krakowie-balicach\/cache\/DSC9314.JPG-nggid0536209-ngg0dyn-91x68-00f0w010c011r110f110r010t010.JPG\"\/><\/a>\n\t\t\t\t<\/div>\n\t\t\t\t<div class=\"ngg-description\">\n\t\t\t\t<p><\/p>\n\t\t\t\t\t\t\t\t<p class=\"ngg-album-gallery-image-counter\"><strong>37<\/strong>&nbsp;Zdj\u0119\u0107<\/p>\n\t\t\t\t\t\t\t<\/div>\n\t\t<\/div>\n\t<\/div>\n\n \t\n\t<div class=\"ngg-album\">\n\t\t<div class=\"ngg-albumtitle\"><a href=\"http:\/\/16lo.tarman.pl\/index.php\/nggallery\/klasa-wojskowa\/ogolnopolski-turniej-klas-mundurowych-2017?page_id=466\">Og\u00f3lnopolski Turniej Klas Mundurowych 2017<\/a><\/div>\n\t\t\t<div class=\"ngg-albumcontent\">\n\t\t\t\t<div class=\"ngg-thumbnail\">\n\t\t\t\t\t<a href=\"http:\/\/16lo.tarman.pl\/index.php\/nggallery\/klasa-wojskowa\/ogolnopolski-turniej-klas-mundurowych-2017?page_id=466\"><img class=\"Thumb\" alt=\"Og\u00f3lnopolski Turniej Klas Mundurowych 2017\" src=\"http:\/\/16lo.tarman.pl\/wp-content\/gallery\/ogolnopolski-turniej-klas-mundurowych-2017\/cache\/20170405_111531.jpg-nggid0536134-ngg0dyn-91x68-00f0w010c011r110f110r010t010.jpg\"\/><\/a>\n\t\t\t\t<\/div>\n\t\t\t\t<div class=\"ngg-description\">\n\t\t\t\t<p><\/p>\n\t\t\t\t\t\t\t\t<p class=\"ngg-album-gallery-image-counter\"><strong>21<\/strong>&nbsp;Zdj\u0119\u0107<\/p>\n\t\t\t\t\t\t\t<\/div>\n\t\t<\/div>\n\t<\/div>\n\n \t\n\t<div class=\"ngg-album\">\n\t\t<div class=\"ngg-albumtitle\"><a href=\"http:\/\/16lo.tarman.pl\/index.php\/nggallery\/klasa-wojskowa\/spotkanie-klas-wojskowych-z-przedstawicielami-wku-w-tarnowie?page_id=466\">Spotkanie klas wojskowych z przedstawicielami WKU w Tarnowie<\/a><\/div>\n\t\t\t<div class=\"ngg-albumcontent\">\n\t\t\t\t<div class=\"ngg-thumbnail\">\n\t\t\t\t\t<a href=\"http:\/\/16lo.tarman.pl\/index.php\/nggallery\/klasa-wojskowa\/spotkanie-klas-wojskowych-z-przedstawicielami-wku-w-tarnowie?page_id=466\"><img class=\"Thumb\" alt=\"Spotkanie klas wojskowych z przedstawicielami WKU w Tarnowie\" src=\"http:\/\/16lo.tarman.pl\/wp-content\/gallery\/spotkanie-klas-wojskowych-z-przedstawicielami-wku-w-tarnowie\/cache\/DSC7589.JPG-nggid0533864-ngg0dyn-91x68-00f0w010c011r110f110r010t010.JPG\"\/><\/a>\n\t\t\t\t<\/div>\n\t\t\t\t<div class=\"ngg-description\">\n\t\t\t\t<p><\/p>\n\t\t\t\t\t\t\t\t<p class=\"ngg-album-gallery-image-counter\"><strong>7<\/strong>&nbsp;Zdj\u0119\u0107<\/p>\n\t\t\t\t\t\t\t<\/div>\n\t\t<\/div>\n\t<\/div>\n\n \t\n\t<div class=\"ngg-album\">\n\t\t<div class=\"ngg-albumtitle\"><a href=\"http:\/\/16lo.tarman.pl\/index.php\/nggallery\/klasa-wojskowa\/zajecia-praktyczne?page_id=466\">Zaj\u0119cia praktyczne<\/a><\/div>\n\t\t\t<div class=\"ngg-albumcontent\">\n\t\t\t\t<div class=\"ngg-thumbnail\">\n\t\t\t\t\t<a href=\"http:\/\/16lo.tarman.pl\/index.php\/nggallery\/klasa-wojskowa\/zajecia-praktyczne?page_id=466\"><img class=\"Thumb\" alt=\"Zaj\u0119cia praktyczne\" src=\"http:\/\/16lo.tarman.pl\/wp-content\/gallery\/zajecia-praktyczne\/cache\/DSC7321.JPG-nggid0533680-ngg0dyn-91x68-00f0w010c011r110f110r010t010.JPG\"\/><\/a>\n\t\t\t\t<\/div>\n\t\t\t\t<div class=\"ngg-description\">\n\t\t\t\t<p><\/p>\n\t\t\t\t\t\t\t\t<p class=\"ngg-album-gallery-image-counter\"><strong>30<\/strong>&nbsp;Zdj\u0119\u0107<\/p>\n\t\t\t\t\t\t\t<\/div>\n\t\t<\/div>\n\t<\/div>\n\n \t\n\t<div class=\"ngg-album\">\n\t\t<div class=\"ngg-albumtitle\"><a href=\"http:\/\/16lo.tarman.pl\/index.php\/nggallery\/klasa-wojskowa\/iv-wojewodzki-przeglad-musztry-klas-mundurowych-nowy-targ-2016?page_id=466\">IV Wojew\u00f3dzki Przegl\u0105d Musztry Klas Mundurowych - Nowy Targ 2016<\/a><\/div>\n\t\t\t<div class=\"ngg-albumcontent\">\n\t\t\t\t<div class=\"ngg-thumbnail\">\n\t\t\t\t\t<a href=\"http:\/\/16lo.tarman.pl\/index.php\/nggallery\/klasa-wojskowa\/iv-wojewodzki-przeglad-musztry-klas-mundurowych-nowy-targ-2016?page_id=466\"><img class=\"Thumb\" alt=\"IV Wojew\u00f3dzki Przegl\u0105d Musztry Klas Mundurowych - Nowy Targ 2016\" src=\"http:\/\/16lo.tarman.pl\/wp-content\/gallery\/iv-wojewodzki-przeglad-musztry-klas-mundurowych-nowy-targ-2016\/cache\/DSC3586.JPG-nggid0528775-ngg0dyn-91x68-00f0w010c011r110f110r010t010.JPG\"\/><\/a>\n\t\t\t\t<\/div>\n\t\t\t\t<div class=\"ngg-description\">\n\t\t\t\t<p><\/p>\n\t\t\t\t\t\t\t\t<p class=\"ngg-album-gallery-image-counter\"><strong>116<\/strong>&nbsp;Zdj\u0119\u0107<\/p>\n\t\t\t\t\t\t\t<\/div>\n\t\t<\/div>\n\t<\/div>\n\n \t\n\t<div class=\"ngg-album\">\n\t\t<div class=\"ngg-albumtitle\"><a href=\"http:\/\/16lo.tarman.pl\/index.php\/nggallery\/klasa-wojskowa\/proba-generalna-przed-iv-wojewodzkim-przegladem-musztry-klas-mundurowych?page_id=466\">Pr\u00f3ba generalna przed IV Wojew\u00f3dzkim Przegl\u0105dem Musztry Klas Mundurowych<\/a><\/div>\n\t\t\t<div class=\"ngg-albumcontent\">\n\t\t\t\t<div class=\"ngg-thumbnail\">\n\t\t\t\t\t<a href=\"http:\/\/16lo.tarman.pl\/index.php\/nggallery\/klasa-wojskowa\/proba-generalna-przed-iv-wojewodzkim-przegladem-musztry-klas-mundurowych?page_id=466\"><img class=\"Thumb\" alt=\"Pr\u00f3ba generalna przed IV Wojew\u00f3dzkim Przegl\u0105dem Musztry Klas Mundurowych\" src=\"http:\/\/16lo.tarman.pl\/wp-content\/gallery\/proba-generalna-przed-iv-wojewodzkim-przegladem-musztry-klas-mundurowych\/cache\/DSC3534.JPG-nggid0528726-ngg0dyn-91x68-00f0w010c011r110f110r010t010.JPG\"\/><\/a>\n\t\t\t\t<\/div>\n\t\t\t\t<div class=\"ngg-description\">\n\t\t\t\t<p><\/p>\n\t\t\t\t\t\t\t\t<p class=\"ngg-album-gallery-image-counter\"><strong>49<\/strong>&nbsp;Zdj\u0119\u0107<\/p>\n\t\t\t\t\t\t\t<\/div>\n\t\t<\/div>\n\t<\/div>\n\n \t\n\t<div class=\"ngg-album\">\n\t\t<div class=\"ngg-albumtitle\"><a href=\"http:\/\/16lo.tarman.pl\/index.php\/nggallery\/klasa-wojskowa\/cwiczenia-przed-iv-wojewodzkim-przegladem-musztry-klas-mundurowych?page_id=466\">\u0106wiczenia przed IV Wojew\u00f3dzkim Przegl\u0105dem Musztry Klas Mundurowych<\/a><\/div>\n\t\t\t<div class=\"ngg-albumcontent\">\n\t\t\t\t<div class=\"ngg-thumbnail\">\n\t\t\t\t\t<a href=\"http:\/\/16lo.tarman.pl\/index.php\/nggallery\/klasa-wojskowa\/cwiczenia-przed-iv-wojewodzkim-przegladem-musztry-klas-mundurowych?page_id=466\"><img class=\"Thumb\" alt=\"\u0106wiczenia przed IV Wojew\u00f3dzkim Przegl\u0105dem Musztry Klas Mundurowych\" src=\"http:\/\/16lo.tarman.pl\/wp-content\/gallery\/cwiczenia-przed-iv-wojewodzkim-przegladem-musztry-klas-mundurowych\/cache\/DSC3433.JPG-nggid0528574-ngg0dyn-91x68-00f0w010c011r110f110r010t010.JPG\"\/><\/a>\n\t\t\t\t<\/div>\n\t\t\t\t<div class=\"ngg-description\">\n\t\t\t\t<p><\/p>\n\t\t\t\t\t\t\t\t<p class=\"ngg-album-gallery-image-counter\"><strong>77<\/strong>&nbsp;Zdj\u0119\u0107<\/p>\n\t\t\t\t\t\t\t<\/div>\n\t\t<\/div>\n\t<\/div>\n\n \t\n\t<div class=\"ngg-album\">\n\t\t<div class=\"ngg-albumtitle\"><a href=\"http:\/\/16lo.tarman.pl\/index.php\/nggallery\/klasa-wojskowa\/wiosenne-cwiczenia-klasy-wojskowej?page_id=466\">Wiosenne \u0107wiczenia klasy wojskowej<\/a><\/div>\n\t\t\t<div class=\"ngg-albumcontent\">\n\t\t\t\t<div class=\"ngg-thumbnail\">\n\t\t\t\t\t<a href=\"http:\/\/16lo.tarman.pl\/index.php\/nggallery\/klasa-wojskowa\/wiosenne-cwiczenia-klasy-wojskowej?page_id=466\"><img class=\"Thumb\" alt=\"Wiosenne \u0107wiczenia klasy wojskowej\" src=\"http:\/\/16lo.tarman.pl\/wp-content\/gallery\/wiosenne-cwiczenia-klasy-wojskowej\/cache\/DSC2223.JPG-nggid0527697-ngg0dyn-91x68-00f0w010c011r110f110r010t010.JPG\"\/><\/a>\n\t\t\t\t<\/div>\n\t\t\t\t<div class=\"ngg-description\">\n\t\t\t\t<p><\/p>\n\t\t\t\t\t\t\t\t<p class=\"ngg-album-gallery-image-counter\"><strong>15<\/strong>&nbsp;Zdj\u0119\u0107<\/p>\n\t\t\t\t\t\t\t<\/div>\n\t\t<\/div>\n\t<\/div>\n\n \t\n\t<div class=\"ngg-album\">\n\t\t<div class=\"ngg-albumtitle\"><a href=\"http:\/\/16lo.tarman.pl\/index.php\/nggallery\/klasa-wojskowa\/cmentarz?page_id=466\">cmentarz<\/a><\/div>\n\t\t\t<div class=\"ngg-albumcontent\">\n\t\t\t\t<div class=\"ngg-thumbnail\">\n\t\t\t\t\t<a href=\"http:\/\/16lo.tarman.pl\/index.php\/nggallery\/klasa-wojskowa\/cmentarz?page_id=466\"><img class=\"Thumb\" alt=\"cmentarz\" src=\"http:\/\/16lo.tarman.pl\/wp-content\/gallery\/cmentarz\/cache\/SAM_9690.JPG-nggid0527626-ngg0dyn-91x68-00f0w010c011r110f110r010t010.JPG\"\/><\/a>\n\t\t\t\t<\/div>\n\t\t\t\t<div class=\"ngg-description\">\n\t\t\t\t<p><\/p>\n\t\t\t\t\t\t\t\t<p class=\"ngg-album-gallery-image-counter\"><strong>9<\/strong>&nbsp;Zdj\u0119\u0107<\/p>\n\t\t\t\t\t\t\t<\/div>\n\t\t<\/div>\n\t<\/div>\n\n \t\n\t<div class=\"ngg-album\">\n\t\t<div class=\"ngg-albumtitle\"><a href=\"http:\/\/16lo.tarman.pl\/index.php\/nggallery\/klasa-wojskowa\/zimowy-rajd-integracyjny-z-elementami-taktyki?page_id=466\">Zimowy rajd integracyjny z elementami taktyki<\/a><\/div>\n\t\t\t<div class=\"ngg-albumcontent\">\n\t\t\t\t<div class=\"ngg-thumbnail\">\n\t\t\t\t\t<a href=\"http:\/\/16lo.tarman.pl\/index.php\/nggallery\/klasa-wojskowa\/zimowy-rajd-integracyjny-z-elementami-taktyki?page_id=466\"><img class=\"Thumb\" alt=\"Zimowy rajd integracyjny z elementami taktyki\" src=\"http:\/\/16lo.tarman.pl\/wp-content\/gallery\/zimowy-rajd-integracyjny-z-elementami-taktyki\/cache\/DSC1980.JPG-nggid0527591-ngg0dyn-91x68-00f0w010c011r110f110r010t010.JPG\"\/><\/a>\n\t\t\t\t<\/div>\n\t\t\t\t<div class=\"ngg-description\">\n\t\t\t\t<p><\/p>\n\t\t\t\t\t\t\t\t<p class=\"ngg-album-gallery-image-counter\"><strong>35<\/strong>&nbsp;Zdj\u0119\u0107<\/p>\n\t\t\t\t\t\t\t<\/div>\n\t\t<\/div>\n\t<\/div>\n\n \t\n\t<div class=\"ngg-album\">\n\t\t<div class=\"ngg-albumtitle\"><a href=\"http:\/\/16lo.tarman.pl\/index.php\/nggallery\/klasa-wojskowa\/zagan-2015-ii-centralny-zlot-klas-mundurowych?page_id=466\">\u017bAGA\u0143 2015 II Centralny Zlot Klas Mundurowych<\/a><\/div>\n\t\t\t<div class=\"ngg-albumcontent\">\n\t\t\t\t<div class=\"ngg-thumbnail\">\n\t\t\t\t\t<a href=\"http:\/\/16lo.tarman.pl\/index.php\/nggallery\/klasa-wojskowa\/zagan-2015-ii-centralny-zlot-klas-mundurowych?page_id=466\"><img class=\"Thumb\" alt=\"\u017bAGA\u0143 2015 II Centralny Zlot Klas Mundurowych\" src=\"http:\/\/16lo.tarman.pl\/wp-content\/gallery\/zagan-2015-ii-centralny-zlot-klas-mundurowych\/cache\/19801_985346548191127_3038891108499310313_n.jpg-nggid0525234-ngg0dyn-91x68-00f0w010c011r110f110r010t010.jpg\"\/><\/a>\n\t\t\t\t<\/div>\n\t\t\t\t<div class=\"ngg-description\">\n\t\t\t\t<p><\/p>\n\t\t\t\t\t\t\t\t<p class=\"ngg-album-gallery-image-counter\"><strong>43<\/strong>&nbsp;Zdj\u0119\u0107<\/p>\n\t\t\t\t\t\t\t<\/div>\n\t\t<\/div>\n\t<\/div>\n\n \t\n\t<div class=\"ngg-album\">\n\t\t<div class=\"ngg-albumtitle\"><a href=\"http:\/\/16lo.tarman.pl\/index.php\/nggallery\/klasa-wojskowa\/rajd-integracyjny-klasy-wojskowej?page_id=466\">Rajd integracyjny klasy wojskowej<\/a><\/div>\n\t\t\t<div class=\"ngg-albumcontent\">\n\t\t\t\t<div class=\"ngg-thumbnail\">\n\t\t\t\t\t<a href=\"http:\/\/16lo.tarman.pl\/index.php\/nggallery\/klasa-wojskowa\/rajd-integracyjny-klasy-wojskowej?page_id=466\"><img class=\"Thumb\" alt=\"Rajd integracyjny klasy wojskowej\" src=\"http:\/\/16lo.tarman.pl\/wp-content\/gallery\/rajd-integracyjny-klasy-wojskowej\/cache\/DSC7528.JPG-nggid0524227-ngg0dyn-91x68-00f0w010c011r110f110r010t010.JPG\"\/><\/a>\n\t\t\t\t<\/div>\n\t\t\t\t<div class=\"ngg-description\">\n\t\t\t\t<p><\/p>\n\t\t\t\t\t\t\t\t<p class=\"ngg-album-gallery-image-counter\"><strong>57<\/strong>&nbsp;Zdj\u0119\u0107<\/p>\n\t\t\t\t\t\t\t<\/div>\n\t\t<\/div>\n\t<\/div>\n\n \t\n\t<div class=\"ngg-album\">\n\t\t<div class=\"ngg-albumtitle\"><a href=\"http:\/\/16lo.tarman.pl\/index.php\/nggallery\/klasa-wojskowa\/klasy-wojskowe-w-1-rodn-w-krakowie-balicach?page_id=466\">Klasy wojskowe w 1. RODiN w Krakowie-Balicach<\/a><\/div>\n\t\t\t<div class=\"ngg-albumcontent\">\n\t\t\t\t<div class=\"ngg-thumbnail\">\n\t\t\t\t\t<a href=\"http:\/\/16lo.tarman.pl\/index.php\/nggallery\/klasa-wojskowa\/klasy-wojskowe-w-1-rodn-w-krakowie-balicach?page_id=466\"><img class=\"Thumb\" alt=\"Klasy wojskowe w 1. RODiN w Krakowie-Balicach\" src=\"http:\/\/16lo.tarman.pl\/wp-content\/gallery\/klasy-wojskowe-w-1-rodn-w-krakowie-balicach\/cache\/DSC03625.JPG-nggid0522544-ngg0dyn-91x68-00f0w010c011r110f110r010t010.JPG\"\/><\/a>\n\t\t\t\t<\/div>\n\t\t\t\t<div class=\"ngg-description\">\n\t\t\t\t<p><\/p>\n\t\t\t\t\t\t\t\t<p class=\"ngg-album-gallery-image-counter\"><strong>78<\/strong>&nbsp;Zdj\u0119\u0107<\/p>\n\t\t\t\t\t\t\t<\/div>\n\t\t<\/div>\n\t<\/div>\n\n \t\n\t<div class=\"ngg-album\">\n\t\t<div class=\"ngg-albumtitle\"><a href=\"http:\/\/16lo.tarman.pl\/index.php\/nggallery\/klasa-wojskowa\/zimowe-cwiczenia-klasy-wojskowej?page_id=466\">Zimowe \u0107wiczenia klasy wojskowej<\/a><\/div>\n\t\t\t<div class=\"ngg-albumcontent\">\n\t\t\t\t<div class=\"ngg-thumbnail\">\n\t\t\t\t\t<a href=\"http:\/\/16lo.tarman.pl\/index.php\/nggallery\/klasa-wojskowa\/zimowe-cwiczenia-klasy-wojskowej?page_id=466\"><img class=\"Thumb\" alt=\"Zimowe \u0107wiczenia klasy wojskowej\" src=\"http:\/\/16lo.tarman.pl\/wp-content\/gallery\/zimowe-cwiczenia-klasy-wojskowej\/cache\/DSC00070.JPG-nggid0519634-ngg0dyn-91x68-00f0w010c011r110f110r010t010.JPG\"\/><\/a>\n\t\t\t\t<\/div>\n\t\t\t\t<div class=\"ngg-description\">\n\t\t\t\t<p><\/p>\n\t\t\t\t\t\t\t\t<p class=\"ngg-album-gallery-image-counter\"><strong>20<\/strong>&nbsp;Zdj\u0119\u0107<\/p>\n\t\t\t\t\t\t\t<\/div>\n\t\t<\/div>\n\t<\/div>\n\n \t\n\t<div class=\"ngg-album\">\n\t\t<div class=\"ngg-albumtitle\"><a href=\"http:\/\/16lo.tarman.pl\/index.php\/nggallery\/klasa-wojskowa\/zimowy-marsz-airsoft-i-wiele-innych-zajec?page_id=466\">Zimowy marsz, AirSoft i wiele innych zaj\u0119\u0107<\/a><\/div>\n\t\t\t<div class=\"ngg-albumcontent\">\n\t\t\t\t<div class=\"ngg-thumbnail\">\n\t\t\t\t\t<a href=\"http:\/\/16lo.tarman.pl\/index.php\/nggallery\/klasa-wojskowa\/zimowy-marsz-airsoft-i-wiele-innych-zajec?page_id=466\"><img class=\"Thumb\" alt=\"Zimowy marsz, AirSoft i wiele innych zaj\u0119\u0107\" src=\"http:\/\/16lo.tarman.pl\/wp-content\/gallery\/zimowy-marsz-airsoft-i-wiele-innych-zajec\/cache\/01.jpg-nggid0519594-ngg0dyn-91x68-00f0w010c011r110f110r010t010.jpg\"\/><\/a>\n\t\t\t\t<\/div>\n\t\t\t\t<div class=\"ngg-description\">\n\t\t\t\t<p><\/p>\n\t\t\t\t\t\t\t\t<p class=\"ngg-album-gallery-image-counter\"><strong>40<\/strong>&nbsp;Zdj\u0119\u0107<\/p>\n\t\t\t\t\t\t\t<\/div>\n\t\t<\/div>\n\t<\/div>\n\n \t\n\t<div class=\"ngg-album\">\n\t\t<div class=\"ngg-albumtitle\"><a href=\"http:\/\/16lo.tarman.pl\/index.php\/nggallery\/klasa-wojskowa\/zajecia-edukacyjne-z-oficerami-1-rodn-krakow-balice?page_id=466\">Zaj\u0119cia edukacyjne z oficerami 1. RODN Krak\u00f3w-Balice<\/a><\/div>\n\t\t\t<div class=\"ngg-albumcontent\">\n\t\t\t\t<div class=\"ngg-thumbnail\">\n\t\t\t\t\t<a href=\"http:\/\/16lo.tarman.pl\/index.php\/nggallery\/klasa-wojskowa\/zajecia-edukacyjne-z-oficerami-1-rodn-krakow-balice?page_id=466\"><img class=\"Thumb\" alt=\"Zaj\u0119cia edukacyjne z oficerami 1. RODN Krak\u00f3w-Balice\" src=\"http:\/\/16lo.tarman.pl\/wp-content\/gallery\/zajecia-edukacyjne-z-oficerami-1-rodn-krakow-balice\/cache\/dsc09510.jpg-nggid0518260-ngg0dyn-91x68-00f0w010c011r110f110r010t010.jpg\"\/><\/a>\n\t\t\t\t<\/div>\n\t\t\t\t<div class=\"ngg-description\">\n\t\t\t\t<p><\/p>\n\t\t\t\t\t\t\t\t<p class=\"ngg-album-gallery-image-counter\"><strong>14<\/strong>&nbsp;Zdj\u0119\u0107<\/p>\n\t\t\t\t\t\t\t<\/div>\n\t\t<\/div>\n\t<\/div>\n\n \t\n\t<div class=\"ngg-album\">\n\t\t<div class=\"ngg-albumtitle\"><a href=\"http:\/\/16lo.tarman.pl\/index.php\/nggallery\/klasa-wojskowa\/zajecia-klas-wojskowych-w-zmt?page_id=466\">Zaj\u0119cia klas wojskowych w ZMT<\/a><\/div>\n\t\t\t<div class=\"ngg-albumcontent\">\n\t\t\t\t<div class=\"ngg-thumbnail\">\n\t\t\t\t\t<a href=\"http:\/\/16lo.tarman.pl\/index.php\/nggallery\/klasa-wojskowa\/zajecia-klas-wojskowych-w-zmt?page_id=466\"><img class=\"Thumb\" alt=\"Zaj\u0119cia klas wojskowych w ZMT\" src=\"http:\/\/16lo.tarman.pl\/wp-content\/gallery\/zajecia-klas-wojskowych-w-zmt\/cache\/dsc_0446.jpg-nggid0518246-ngg0dyn-91x68-00f0w010c011r110f110r010t010.jpg\"\/><\/a>\n\t\t\t\t<\/div>\n\t\t\t\t<div class=\"ngg-description\">\n\t\t\t\t<p><\/p>\n\t\t\t\t\t\t\t\t<p class=\"ngg-album-gallery-image-counter\"><strong>170<\/strong>&nbsp;Zdj\u0119\u0107<\/p>\n\t\t\t\t\t\t\t<\/div>\n\t\t<\/div>\n\t<\/div>\n\n \t\n\t<div class=\"ngg-album\">\n\t\t<div class=\"ngg-albumtitle\"><a href=\"http:\/\/16lo.tarman.pl\/index.php\/nggallery\/klasa-wojskowa\/cwiczenia-klasy-wojskowej-2?page_id=466\">\u0106wiczenia klasy wojskowej<\/a><\/div>\n\t\t\t<div class=\"ngg-albumcontent\">\n\t\t\t\t<div class=\"ngg-thumbnail\">\n\t\t\t\t\t<a href=\"http:\/\/16lo.tarman.pl\/index.php\/nggallery\/klasa-wojskowa\/cwiczenia-klasy-wojskowej-2?page_id=466\"><img class=\"Thumb\" alt=\"\u0106wiczenia klasy wojskowej\" src=\"http:\/\/16lo.tarman.pl\/wp-content\/gallery\/cwiczenia-klasy-wojskowej_1\/cache\/img_0032.jpg-nggid0517456-ngg0dyn-91x68-00f0w010c011r110f110r010t010.jpg\"\/><\/a>\n\t\t\t\t<\/div>\n\t\t\t\t<div class=\"ngg-description\">\n\t\t\t\t<p><\/p>\n\t\t\t\t\t\t\t\t<p class=\"ngg-album-gallery-image-counter\"><strong>30<\/strong>&nbsp;Zdj\u0119\u0107<\/p>\n\t\t\t\t\t\t\t<\/div>\n\t\t<\/div>\n\t<\/div>\n\n \t\n\t<div class=\"ngg-album\">\n\t\t<div class=\"ngg-albumtitle\"><a href=\"http:\/\/16lo.tarman.pl\/index.php\/nggallery\/klasa-wojskowa\/miasto-tarnow-pierwsze-niepodlegle?page_id=466\">Miasto Tarn\u00f3w Pierwsze Niepodleg\u0142e<\/a><\/div>\n\t\t\t<div class=\"ngg-albumcontent\">\n\t\t\t\t<div class=\"ngg-thumbnail\">\n\t\t\t\t\t<a href=\"http:\/\/16lo.tarman.pl\/index.php\/nggallery\/klasa-wojskowa\/miasto-tarnow-pierwsze-niepodlegle?page_id=466\"><img class=\"Thumb\" alt=\"Miasto Tarn\u00f3w Pierwsze Niepodleg\u0142e\" src=\"http:\/\/16lo.tarman.pl\/wp-content\/gallery\/miasto-tarnow-pierwsze-niepodlegle\/cache\/dsc08403.jpg-nggid0516534-ngg0dyn-91x68-00f0w010c011r110f110r010t010.jpg\"\/><\/a>\n\t\t\t\t<\/div>\n\t\t\t\t<div class=\"ngg-description\">\n\t\t\t\t<p><\/p>\n\t\t\t\t\t\t\t\t<p class=\"ngg-album-gallery-image-counter\"><strong>60<\/strong>&nbsp;Zdj\u0119\u0107<\/p>\n\t\t\t\t\t\t\t<\/div>\n\t\t<\/div>\n\t<\/div>\n\n \t\n\t<div class=\"ngg-album\">\n\t\t<div class=\"ngg-albumtitle\"><a href=\"http:\/\/16lo.tarman.pl\/index.php\/nggallery\/klasa-wojskowa\/jak-studiowac-to-w-deblinie-lub-w-wojskowej-akademi-technicznej-2?page_id=466\">Jak studiowa\u0107 to w D\u0119blinie lub w Wojskowej Akademi Technicznej<\/a><\/div>\n\t\t\t<div class=\"ngg-albumcontent\">\n\t\t\t\t<div class=\"ngg-thumbnail\">\n\t\t\t\t\t<a href=\"http:\/\/16lo.tarman.pl\/index.php\/nggallery\/klasa-wojskowa\/jak-studiowac-to-w-deblinie-lub-w-wojskowej-akademi-technicznej-2?page_id=466\"><img class=\"Thumb\" alt=\"Jak studiowa\u0107 to w D\u0119blinie lub w Wojskowej Akademi Technicznej\" src=\"http:\/\/16lo.tarman.pl\/wp-content\/gallery\/jak-studiowac-to-w-deblinie-lub-w-wojskowej-akademi-technicznej_1\/cache\/dscf8475.jpg-nggid0515722-ngg0dyn-91x68-00f0w010c011r110f110r010t010.jpg\"\/><\/a>\n\t\t\t\t<\/div>\n\t\t\t\t<div class=\"ngg-description\">\n\t\t\t\t<p><\/p>\n\t\t\t\t\t\t\t\t<p class=\"ngg-album-gallery-image-counter\"><strong>15<\/strong>&nbsp;Zdj\u0119\u0107<\/p>\n\t\t\t\t\t\t\t<\/div>\n\t\t<\/div>\n\t<\/div>\n\n \t\n\t<div class=\"ngg-album\">\n\t\t<div class=\"ngg-albumtitle\"><a href=\"http:\/\/16lo.tarman.pl\/index.php\/nggallery\/klasa-wojskowa\/ekspedycja-orlat-2014?page_id=466\">Ekspedycja Orl\u0105t 2014<\/a><\/div>\n\t\t\t<div class=\"ngg-albumcontent\">\n\t\t\t\t<div class=\"ngg-thumbnail\">\n\t\t\t\t\t<a href=\"http:\/\/16lo.tarman.pl\/index.php\/nggallery\/klasa-wojskowa\/ekspedycja-orlat-2014?page_id=466\"><img class=\"Thumb\" alt=\"Ekspedycja Orl\u0105t 2014\" src=\"http:\/\/16lo.tarman.pl\/wp-content\/gallery\/ekspedycja-orlat-2014\/cache\/1977330_736905973037342_7933013688137483508_n.jpg-nggid0515321-ngg0dyn-91x68-00f0w010c011r110f110r010t010.jpg\"\/><\/a>\n\t\t\t\t<\/div>\n\t\t\t\t<div class=\"ngg-description\">\n\t\t\t\t<p><\/p>\n\t\t\t\t\t\t\t\t<p class=\"ngg-album-gallery-image-counter\"><strong>50<\/strong>&nbsp;Zdj\u0119\u0107<\/p>\n\t\t\t\t\t\t\t<\/div>\n\t\t<\/div>\n\t<\/div>\n\n \t\n\t<div class=\"ngg-album\">\n\t\t<div class=\"ngg-albumtitle\"><a href=\"http:\/\/16lo.tarman.pl\/index.php\/nggallery\/klasa-wojskowa\/lekcja-z-nawigacji?page_id=466\">Lekcja z nawigacji<\/a><\/div>\n\t\t\t<div class=\"ngg-albumcontent\">\n\t\t\t\t<div class=\"ngg-thumbnail\">\n\t\t\t\t\t<a href=\"http:\/\/16lo.tarman.pl\/index.php\/nggallery\/klasa-wojskowa\/lekcja-z-nawigacji?page_id=466\"><img class=\"Thumb\" alt=\"Lekcja z nawigacji\" src=\"http:\/\/16lo.tarman.pl\/wp-content\/gallery\/lekcja-z-nawigacji\/cache\/dsc06314.jpg-nggid0514817-ngg0dyn-91x68-00f0w010c011r110f110r010t010.jpg\"\/><\/a>\n\t\t\t\t<\/div>\n\t\t\t\t<div class=\"ngg-description\">\n\t\t\t\t<p><\/p>\n\t\t\t\t\t\t\t\t<p class=\"ngg-album-gallery-image-counter\"><strong>11<\/strong>&nbsp;Zdj\u0119\u0107<\/p>\n\t\t\t\t\t\t\t<\/div>\n\t\t<\/div>\n\t<\/div>\n\n \t\n\t<div class=\"ngg-album\">\n\t\t<div class=\"ngg-albumtitle\"><a href=\"http:\/\/16lo.tarman.pl\/index.php\/nggallery\/klasa-wojskowa\/zajecia-klasy-wojskowej-w-1-regionalnym-osrodku-dowodzenia-i-naprowadzania-w-krakowie?page_id=466\">Zaj\u0119cia klasy wojskowej w 1. Regionalnym O\u015brodku Dowodzenia i Naprowadzania w Krakowie<\/a><\/div>\n\t\t\t<div class=\"ngg-albumcontent\">\n\t\t\t\t<div class=\"ngg-thumbnail\">\n\t\t\t\t\t<a href=\"http:\/\/16lo.tarman.pl\/index.php\/nggallery\/klasa-wojskowa\/zajecia-klasy-wojskowej-w-1-regionalnym-osrodku-dowodzenia-i-naprowadzania-w-krakowie?page_id=466\"><img class=\"Thumb\" alt=\"Zaj\u0119cia klasy wojskowej w 1. Regionalnym O\u015brodku Dowodzenia i Naprowadzania w Krakowie\" src=\"http:\/\/16lo.tarman.pl\/wp-content\/gallery\/zajecia-klasy-wojskowej-w-jednostce-wojskowej-32-odn\/cache\/dsc_1273.jpg-nggid0514483-ngg0dyn-91x68-00f0w010c011r110f110r010t010.jpg\"\/><\/a>\n\t\t\t\t<\/div>\n\t\t\t\t<div class=\"ngg-description\">\n\t\t\t\t<p><\/p>\n\t\t\t\t\t\t\t\t<p class=\"ngg-album-gallery-image-counter\"><strong>45<\/strong>&nbsp;Zdj\u0119\u0107<\/p>\n\t\t\t\t\t\t\t<\/div>\n\t\t<\/div>\n\t<\/div>\n\n \t\n\t<div class=\"ngg-album\">\n\t\t<div class=\"ngg-albumtitle\"><a href=\"http:\/\/16lo.tarman.pl\/index.php\/nggallery\/klasa-wojskowa\/ii-wojewodzki-przeglad-musztry-klas-mundurowych?page_id=466\">II Wojew\u00f3dzki Przegl\u0105d Musztry Klas Mundurowych<\/a><\/div>\n\t\t\t<div class=\"ngg-albumcontent\">\n\t\t\t\t<div class=\"ngg-thumbnail\">\n\t\t\t\t\t<a href=\"http:\/\/16lo.tarman.pl\/index.php\/nggallery\/klasa-wojskowa\/ii-wojewodzki-przeglad-musztry-klas-mundurowych?page_id=466\"><img class=\"Thumb\" alt=\"II Wojew\u00f3dzki Przegl\u0105d Musztry Klas Mundurowych\" src=\"http:\/\/16lo.tarman.pl\/wp-content\/gallery\/ii-wojewodzki-przeglad-musztry-klas-mundurowych\/cache\/dsc05142.jpg-nggid0513505-ngg0dyn-91x68-00f0w010c011r110f110r010t010.jpg\"\/><\/a>\n\t\t\t\t<\/div>\n\t\t\t\t<div class=\"ngg-description\">\n\t\t\t\t<p><\/p>\n\t\t\t\t\t\t\t\t<p class=\"ngg-album-gallery-image-counter\"><strong>100<\/strong>&nbsp;Zdj\u0119\u0107<\/p>\n\t\t\t\t\t\t\t<\/div>\n\t\t<\/div>\n\t<\/div>\n\n \t\n\t<div class=\"ngg-album\">\n\t\t<div class=\"ngg-albumtitle\"><a href=\"http:\/\/16lo.tarman.pl\/index.php\/nggallery\/klasa-wojskowa\/klasa-wojskowa-cwiczenia-musztry-paradnej-2?page_id=466\">Klasa wojskowa - \u0107wiczenia musztry paradnej<\/a><\/div>\n\t\t\t<div class=\"ngg-albumcontent\">\n\t\t\t\t<div class=\"ngg-thumbnail\">\n\t\t\t\t\t<a href=\"http:\/\/16lo.tarman.pl\/index.php\/nggallery\/klasa-wojskowa\/klasa-wojskowa-cwiczenia-musztry-paradnej-2?page_id=466\"><img class=\"Thumb\" alt=\"Klasa wojskowa - \u0107wiczenia musztry paradnej\" src=\"http:\/\/16lo.tarman.pl\/wp-content\/gallery\/klasa-wojskowa-cwiczenia-musztry-paradnej_1\/cache\/dsc04891.jpg-nggid0513373-ngg0dyn-91x68-00f0w010c011r110f110r010t010.jpg\"\/><\/a>\n\t\t\t\t<\/div>\n\t\t\t\t<div class=\"ngg-description\">\n\t\t\t\t<p><\/p>\n\t\t\t\t\t\t\t\t<p class=\"ngg-album-gallery-image-counter\"><strong>37<\/strong>&nbsp;Zdj\u0119\u0107<\/p>\n\t\t\t\t\t\t\t<\/div>\n\t\t<\/div>\n\t<\/div>\n\n \t\n\t<div class=\"ngg-album\">\n\t\t<div class=\"ngg-albumtitle\"><a href=\"http:\/\/16lo.tarman.pl\/index.php\/nggallery\/klasa-wojskowa\/klasa-wojskowa-cwiczenia-musztry-paradnej?page_id=466\">Klasa wojskowa - \u0107wiczenia musztry paradnej<\/a><\/div>\n\t\t\t<div class=\"ngg-albumcontent\">\n\t\t\t\t<div class=\"ngg-thumbnail\">\n\t\t\t\t\t<a href=\"http:\/\/16lo.tarman.pl\/index.php\/nggallery\/klasa-wojskowa\/klasa-wojskowa-cwiczenia-musztry-paradnej?page_id=466\"><img class=\"Thumb\" alt=\"Klasa wojskowa - \u0107wiczenia musztry paradnej\" src=\"http:\/\/16lo.tarman.pl\/wp-content\/gallery\/klasa-wojskowa-cwiczenia-musztry-paradnej\/cache\/dsc_0326.jpg-nggid0512845-ngg0dyn-91x68-00f0w010c011r110f110r010t010.jpg\"\/><\/a>\n\t\t\t\t<\/div>\n\t\t\t\t<div class=\"ngg-description\">\n\t\t\t\t<p><\/p>\n\t\t\t\t\t\t\t\t<p class=\"ngg-album-gallery-image-counter\"><strong>77<\/strong>&nbsp;Zdj\u0119\u0107<\/p>\n\t\t\t\t\t\t\t<\/div>\n\t\t<\/div>\n\t<\/div>\n\n \t\n\t<div class=\"ngg-album\">\n\t\t<div class=\"ngg-albumtitle\"><a href=\"http:\/\/16lo.tarman.pl\/index.php\/nggallery\/klasa-wojskowa\/musztra-paradna-cwiczenia?page_id=466\">Musztra paradna - \u0107wiczenia<\/a><\/div>\n\t\t\t<div class=\"ngg-albumcontent\">\n\t\t\t\t<div class=\"ngg-thumbnail\">\n\t\t\t\t\t<a href=\"http:\/\/16lo.tarman.pl\/index.php\/nggallery\/klasa-wojskowa\/musztra-paradna-cwiczenia?page_id=466\"><img class=\"Thumb\" alt=\"Musztra paradna - \u0107wiczenia\" src=\"http:\/\/16lo.tarman.pl\/wp-content\/gallery\/musztra-paradna-cwiczenia\/cache\/dsc04294.jpg-nggid0512684-ngg0dyn-91x68-00f0w010c011r110f110r010t010.jpg\"\/><\/a>\n\t\t\t\t<\/div>\n\t\t\t\t<div class=\"ngg-description\">\n\t\t\t\t<p><\/p>\n\t\t\t\t\t\t\t\t<p class=\"ngg-album-gallery-image-counter\"><strong>48<\/strong>&nbsp;Zdj\u0119\u0107<\/p>\n\t\t\t\t\t\t\t<\/div>\n\t\t<\/div>\n\t<\/div>\n\n \t\n\t<div class=\"ngg-album\">\n\t\t<div class=\"ngg-albumtitle\"><a href=\"http:\/\/16lo.tarman.pl\/index.php\/nggallery\/klasa-wojskowa\/szkola-oficerska-wojsk-ladowych-w-xvi-lo?page_id=466\">Szko\u0142a Oficerska Wojsk L\u0105dowych w XVI LO<\/a><\/div>\n\t\t\t<div class=\"ngg-albumcontent\">\n\t\t\t\t<div class=\"ngg-thumbnail\">\n\t\t\t\t\t<a href=\"http:\/\/16lo.tarman.pl\/index.php\/nggallery\/klasa-wojskowa\/szkola-oficerska-wojsk-ladowych-w-xvi-lo?page_id=466\"><img class=\"Thumb\" alt=\"Szko\u0142a Oficerska Wojsk L\u0105dowych w XVI LO\" src=\"http:\/\/16lo.tarman.pl\/wp-content\/gallery\/szkola-oficerska-wojsk-ladowych-w-xvi-lo\/cache\/dsc04186.jpg-nggid0512618-ngg0dyn-91x68-00f0w010c011r110f110r010t010.jpg\"\/><\/a>\n\t\t\t\t<\/div>\n\t\t\t\t<div class=\"ngg-description\">\n\t\t\t\t<p><\/p>\n\t\t\t\t\t\t\t\t<p class=\"ngg-album-gallery-image-counter\"><strong>16<\/strong>&nbsp;Zdj\u0119\u0107<\/p>\n\t\t\t\t\t\t\t<\/div>\n\t\t<\/div>\n\t<\/div>\n\n \t\n\t<div class=\"ngg-album\">\n\t\t<div class=\"ngg-albumtitle\"><a href=\"http:\/\/16lo.tarman.pl\/index.php\/nggallery\/klasa-wojskowa\/zajecia-uczniow-xvi-lo-na-strzelnicy-budowa-i-konserwacja-karabinu-ak-wz-47?page_id=466\">Zaj\u0119cia uczni\u00f3w XVI LO na strzelnicy - budowa i konserwacja karabinu AK wz. 47<\/a><\/div>\n\t\t\t<div class=\"ngg-albumcontent\">\n\t\t\t\t<div class=\"ngg-thumbnail\">\n\t\t\t\t\t<a href=\"http:\/\/16lo.tarman.pl\/index.php\/nggallery\/klasa-wojskowa\/zajecia-uczniow-xvi-lo-na-strzelnicy-budowa-i-konserwacja-karabinu-ak-wz-47?page_id=466\"><img class=\"Thumb\" alt=\"Zaj\u0119cia uczni\u00f3w XVI LO na strzelnicy - budowa i konserwacja karabinu AK wz. 47\" src=\"http:\/\/16lo.tarman.pl\/wp-content\/gallery\/zajecia-uczniow-xvi-lo-na-strzelnicy\/cache\/dsc03954.jpg-nggid0512392-ngg0dyn-91x68-00f0w010c011r110f110r010t010.jpg\"\/><\/a>\n\t\t\t\t<\/div>\n\t\t\t\t<div class=\"ngg-description\">\n\t\t\t\t<p><\/p>\n\t\t\t\t\t\t\t\t<p class=\"ngg-album-gallery-image-counter\"><strong>30<\/strong>&nbsp;Zdj\u0119\u0107<\/p>\n\t\t\t\t\t\t\t<\/div>\n\t\t<\/div>\n\t<\/div>\n\n \t\n\t<div class=\"ngg-album\">\n\t\t<div class=\"ngg-albumtitle\"><a href=\"http:\/\/16lo.tarman.pl\/index.php\/nggallery\/klasa-wojskowa\/jak-studiowac-to-w-deblinie-lub-w-wojskowej-akademi-technicznej?page_id=466\">Jak studiowa\u0107 to w D\u0119blinie lub w Wojskowej Akademi Technicznej<\/a><\/div>\n\t\t\t<div class=\"ngg-albumcontent\">\n\t\t\t\t<div class=\"ngg-thumbnail\">\n\t\t\t\t\t<a href=\"http:\/\/16lo.tarman.pl\/index.php\/nggallery\/klasa-wojskowa\/jak-studiowac-to-w-deblinie-lub-w-wojskowej-akademi-technicznej?page_id=466\"><img class=\"Thumb\" alt=\"Jak studiowa\u0107 to w D\u0119blinie lub w Wojskowej Akademi Technicznej\" src=\"http:\/\/16lo.tarman.pl\/wp-content\/gallery\/jak-studiowac-to-w-deblinie-lub-w-wojskowej-akademi-technicznej\/cache\/dsc03750.jpg-nggid0512262-ngg0dyn-91x68-00f0w010c011r110f110r010t010.jpg\"\/><\/a>\n\t\t\t\t<\/div>\n\t\t\t\t<div class=\"ngg-description\">\n\t\t\t\t<p><\/p>\n\t\t\t\t\t\t\t\t<p class=\"ngg-album-gallery-image-counter\"><strong>33<\/strong>&nbsp;Zdj\u0119\u0107<\/p>\n\t\t\t\t\t\t\t<\/div>\n\t\t<\/div>\n\t<\/div>\n\n \t\n\t<div class=\"ngg-album\">\n\t\t<div class=\"ngg-albumtitle\"><a href=\"http:\/\/16lo.tarman.pl\/index.php\/nggallery\/klasa-wojskowa\/cwiczenia-klasy-wojskowej?page_id=466\">\u0106wiczenia klasy wojskowej<\/a><\/div>\n\t\t\t<div class=\"ngg-albumcontent\">\n\t\t\t\t<div class=\"ngg-thumbnail\">\n\t\t\t\t\t<a href=\"http:\/\/16lo.tarman.pl\/index.php\/nggallery\/klasa-wojskowa\/cwiczenia-klasy-wojskowej?page_id=466\"><img class=\"Thumb\" alt=\"\u0106wiczenia klasy wojskowej\" src=\"http:\/\/16lo.tarman.pl\/wp-content\/gallery\/cwiczenia-klasy-wojskowej\/cache\/dsc03460.jpg-nggid0511712-ngg0dyn-91x68-00f0w010c011r110f110r010t010.jpg\"\/><\/a>\n\t\t\t\t<\/div>\n\t\t\t\t<div class=\"ngg-description\">\n\t\t\t\t<p><\/p>\n\t\t\t\t\t\t\t\t<p class=\"ngg-album-gallery-image-counter\"><strong>13<\/strong>&nbsp;Zdj\u0119\u0107<\/p>\n\t\t\t\t\t\t\t<\/div>\n\t\t<\/div>\n\t<\/div>\n\n \t\n\t<div class=\"ngg-album\">\n\t\t<div class=\"ngg-albumtitle\"><a href=\"http:\/\/16lo.tarman.pl\/index.php\/nggallery\/klasa-wojskowa\/04-03-2014-bezpieczenstwo-w-obchodzeniu-sie-z-replikami-asg?page_id=466\">[04.03.2014] Bezpiecze\u0144stwo w obchodzeniu si\u0119 z replikami ASG<\/a><\/div>\n\t\t\t<div class=\"ngg-albumcontent\">\n\t\t\t\t<div class=\"ngg-thumbnail\">\n\t\t\t\t\t<a href=\"http:\/\/16lo.tarman.pl\/index.php\/nggallery\/klasa-wojskowa\/04-03-2014-bezpieczenstwo-w-obchodzeniu-sie-z-replikami-asg?page_id=466\"><img class=\"Thumb\" alt=\"[04.03.2014] Bezpiecze\u0144stwo w obchodzeniu si\u0119 z replikami ASG\" src=\"http:\/\/16lo.tarman.pl\/wp-content\/gallery\/04-03-2014-bezpieczenstwo-w-obchodzeniu-sie-z-replikami-asg\/cache\/dsc03447.jpg-nggid0511654-ngg0dyn-91x68-00f0w010c011r110f110r010t010.jpg\"\/><\/a>\n\t\t\t\t<\/div>\n\t\t\t\t<div class=\"ngg-description\">\n\t\t\t\t<p><\/p>\n\t\t\t\t\t\t\t\t<p class=\"ngg-album-gallery-image-counter\"><strong>12<\/strong>&nbsp;Zdj\u0119\u0107<\/p>\n\t\t\t\t\t\t\t<\/div>\n\t\t<\/div>\n\t<\/div>\n\n \t\n\t<div class=\"ngg-album\">\n\t\t<div class=\"ngg-albumtitle\"><a href=\"http:\/\/16lo.tarman.pl\/index.php\/nggallery\/klasa-wojskowa\/18-02-2014-cwiczenia-musztra-klasy-wojskowej?page_id=466\">[18.02.2014] \u0106wiczenia \u2013 musztra klasy wojskowej<\/a><\/div>\n\t\t\t<div class=\"ngg-albumcontent\">\n\t\t\t\t<div class=\"ngg-thumbnail\">\n\t\t\t\t\t<a href=\"http:\/\/16lo.tarman.pl\/index.php\/nggallery\/klasa-wojskowa\/18-02-2014-cwiczenia-musztra-klasy-wojskowej?page_id=466\"><img class=\"Thumb\" alt=\"[18.02.2014] \u0106wiczenia \u2013 musztra klasy wojskowej\" src=\"http:\/\/16lo.tarman.pl\/wp-content\/gallery\/18-02-2014-cwiczenia-musztra-klasy-wojskowej\/cache\/1966164_669542289771556_134492397_o.jpg-nggid0511339-ngg0dyn-91x68-00f0w010c011r110f110r010t010.jpg\"\/><\/a>\n\t\t\t\t<\/div>\n\t\t\t\t<div class=\"ngg-description\">\n\t\t\t\t<p><\/p>\n\t\t\t\t\t\t\t\t<p class=\"ngg-album-gallery-image-counter\"><strong>35<\/strong>&nbsp;Zdj\u0119\u0107<\/p>\n\t\t\t\t\t\t\t<\/div>\n\t\t<\/div>\n\t<\/div>\n\n \t\n\t<div class=\"ngg-album\">\n\t\t<div class=\"ngg-albumtitle\"><a href=\"http:\/\/16lo.tarman.pl\/index.php\/nggallery\/klasa-wojskowa\/23-01-2014-zimowe-cwiczenia-klasy-wojskowej?page_id=466\">[23.01.2014] Zimowe \u0107wiczenia klasy wojskowej<\/a><\/div>\n\t\t\t<div class=\"ngg-albumcontent\">\n\t\t\t\t<div class=\"ngg-thumbnail\">\n\t\t\t\t\t<a href=\"http:\/\/16lo.tarman.pl\/index.php\/nggallery\/klasa-wojskowa\/23-01-2014-zimowe-cwiczenia-klasy-wojskowej?page_id=466\"><img class=\"Thumb\" alt=\"[23.01.2014] Zimowe \u0107wiczenia klasy wojskowej\" src=\"http:\/\/16lo.tarman.pl\/wp-content\/gallery\/23-01-2014-zimowe-cwiczenia-klasy-wojskowej\/cache\/img_0037.jpg-nggid0511201-ngg0dyn-91x68-00f0w010c011r110f110r010t010.jpg\"\/><\/a>\n\t\t\t\t<\/div>\n\t\t\t\t<div class=\"ngg-description\">\n\t\t\t\t<p><\/p>\n\t\t\t\t\t\t\t\t<p class=\"ngg-album-gallery-image-counter\"><strong>11<\/strong>&nbsp;Zdj\u0119\u0107<\/p>\n\t\t\t\t\t\t\t<\/div>\n\t\t<\/div>\n\t<\/div>\n\n \t\n\t<div class=\"ngg-album\">\n\t\t<div class=\"ngg-albumtitle\"><a href=\"http:\/\/16lo.tarman.pl\/index.php\/nggallery\/klasa-wojskowa\/16-01-2014-klasa-wojskowa-cwiczenia?page_id=466\">[16.01.2014] Klasa wojskowa - \u0107wiczenia<\/a><\/div>\n\t\t\t<div class=\"ngg-albumcontent\">\n\t\t\t\t<div class=\"ngg-thumbnail\">\n\t\t\t\t\t<a href=\"http:\/\/16lo.tarman.pl\/index.php\/nggallery\/klasa-wojskowa\/16-01-2014-klasa-wojskowa-cwiczenia?page_id=466\"><img class=\"Thumb\" alt=\"[16.01.2014] Klasa wojskowa - \u0107wiczenia\" src=\"http:\/\/16lo.tarman.pl\/wp-content\/gallery\/16-01-2014-klasa-wojskowa-cwiczenia\/cache\/dsc03083.jpg-nggid0510962-ngg0dyn-91x68-00f0w010c011r110f110r010t010.jpg\"\/><\/a>\n\t\t\t\t<\/div>\n\t\t\t\t<div class=\"ngg-description\">\n\t\t\t\t<p><\/p>\n\t\t\t\t\t\t\t\t<p class=\"ngg-album-gallery-image-counter\"><strong>30<\/strong>&nbsp;Zdj\u0119\u0107<\/p>\n\t\t\t\t\t\t\t<\/div>\n\t\t<\/div>\n\t<\/div>\n\n \t\n\t<div class=\"ngg-album\">\n\t\t<div class=\"ngg-albumtitle\"><a href=\"http:\/\/16lo.tarman.pl\/index.php\/nggallery\/klasa-wojskowa\/20-12-2013-pierwszy-rajd-sere?page_id=466\">[20.12.2013] Pierwszy Rajd SERE<\/a><\/div>\n\t\t\t<div class=\"ngg-albumcontent\">\n\t\t\t\t<div class=\"ngg-thumbnail\">\n\t\t\t\t\t<a href=\"http:\/\/16lo.tarman.pl\/index.php\/nggallery\/klasa-wojskowa\/20-12-2013-pierwszy-rajd-sere?page_id=466\"><img class=\"Thumb\" alt=\"[20.12.2013] Pierwszy Rajd SERE\" src=\"http:\/\/16lo.tarman.pl\/wp-content\/gallery\/20-12-2013-pierwszy-rajd-sere\/cache\/p1320668.jpg-nggid0510713-ngg0dyn-91x68-00f0w010c011r110f110r010t010.jpg\"\/><\/a>\n\t\t\t\t<\/div>\n\t\t\t\t<div class=\"ngg-description\">\n\t\t\t\t<p><\/p>\n\t\t\t\t\t\t\t\t<p class=\"ngg-album-gallery-image-counter\"><strong>38<\/strong>&nbsp;Zdj\u0119\u0107<\/p>\n\t\t\t\t\t\t\t<\/div>\n\t\t<\/div>\n\t<\/div>\n\n \t\n\t<div class=\"ngg-album\">\n\t\t<div class=\"ngg-albumtitle\"><a href=\"http:\/\/16lo.tarman.pl\/index.php\/nggallery\/klasa-wojskowa\/10-11-2013-raut-niepodleglosciowy?page_id=466\">[10.11.2013] Raut Niepodleg\u0142o\u015bciowy<\/a><\/div>\n\t\t\t<div class=\"ngg-albumcontent\">\n\t\t\t\t<div class=\"ngg-thumbnail\">\n\t\t\t\t\t<a href=\"http:\/\/16lo.tarman.pl\/index.php\/nggallery\/klasa-wojskowa\/10-11-2013-raut-niepodleglosciowy?page_id=466\"><img class=\"Thumb\" alt=\"[10.11.2013] Raut Niepodleg\u0142o\u015bciowy\" src=\"http:\/\/16lo.tarman.pl\/wp-content\/gallery\/10-11-2013-raut-niepodleglosciowy\/cache\/top_2793_imagelarge.jpg-nggid049895-ngg0dyn-91x68-00f0w010c011r110f110r010t010.jpg\"\/><\/a>\n\t\t\t\t<\/div>\n\t\t\t\t<div class=\"ngg-description\">\n\t\t\t\t<p><\/p>\n\t\t\t\t\t\t\t\t<p class=\"ngg-album-gallery-image-counter\"><strong>11<\/strong>&nbsp;Zdj\u0119\u0107<\/p>\n\t\t\t\t\t\t\t<\/div>\n\t\t<\/div>\n\t<\/div>\n\n \t\n\t<div class=\"ngg-album\">\n\t\t<div class=\"ngg-albumtitle\"><a href=\"http:\/\/16lo.tarman.pl\/index.php\/nggallery\/klasa-wojskowa\/18-10-2013-jubileusz-10-lecia-tarnowskiego-oddzialu-jazdy-um-5-pulku-strzelcow-konnych?page_id=466\">[18.10.2013] Jubileusz 10-lecia Tarnowskiego Oddzia\u0142u Jazdy um. 5 Pu\u0142ku Strzelc\u00f3w Konnych<\/a><\/div>\n\t\t\t<div class=\"ngg-albumcontent\">\n\t\t\t\t<div class=\"ngg-thumbnail\">\n\t\t\t\t\t<a href=\"http:\/\/16lo.tarman.pl\/index.php\/nggallery\/klasa-wojskowa\/18-10-2013-jubileusz-10-lecia-tarnowskiego-oddzialu-jazdy-um-5-pulku-strzelcow-konnych?page_id=466\"><img class=\"Thumb\" alt=\"[18.10.2013] Jubileusz 10-lecia Tarnowskiego Oddzia\u0142u Jazdy um. 5 Pu\u0142ku Strzelc\u00f3w Konnych\" src=\"http:\/\/16lo.tarman.pl\/wp-content\/gallery\/18-10-2013-jubileusz-10-lecia-tarnowskiego-oddzialu-jazdy-um-5-pulku-strzelcow-konnych\/cache\/top_8874_imagelarge.jpg-nggid049427-ngg0dyn-91x68-00f0w010c011r110f110r010t010.jpg\"\/><\/a>\n\t\t\t\t<\/div>\n\t\t\t\t<div class=\"ngg-description\">\n\t\t\t\t<p><\/p>\n\t\t\t\t\t\t\t\t<p class=\"ngg-album-gallery-image-counter\"><strong>30<\/strong>&nbsp;Zdj\u0119\u0107<\/p>\n\t\t\t\t\t\t\t<\/div>\n\t\t<\/div>\n\t<\/div>\n\n \t\n\t<div class=\"ngg-album\">\n\t\t<div class=\"ngg-albumtitle\"><a href=\"http:\/\/16lo.tarman.pl\/index.php\/nggallery\/klasa-wojskowa\/14-06-2013-zajecia-klasy-wojskowej-w-zakladach-mechanicznych-w-tarnowie?page_id=466\">[14.06.2013] Zaj\u0119cia klasy wojskowej w Zak\u0142adach Mechanicznych w Tarnowie<\/a><\/div>\n\t\t\t<div class=\"ngg-albumcontent\">\n\t\t\t\t<div class=\"ngg-thumbnail\">\n\t\t\t\t\t<a href=\"http:\/\/16lo.tarman.pl\/index.php\/nggallery\/klasa-wojskowa\/14-06-2013-zajecia-klasy-wojskowej-w-zakladach-mechanicznych-w-tarnowie?page_id=466\"><img class=\"Thumb\" alt=\"[14.06.2013] Zaj\u0119cia klasy wojskowej w Zak\u0142adach Mechanicznych w Tarnowie\" src=\"http:\/\/16lo.tarman.pl\/wp-content\/gallery\/14-06-2013-zajecia-klasy-wojskowej-w-zakladach-mechanicznych-w-tarnowie\/cache\/sam_1047.jpg-nggid048235-ngg0dyn-91x68-00f0w010c011r110f110r010t010.jpg\"\/><\/a>\n\t\t\t\t<\/div>\n\t\t\t\t<div class=\"ngg-description\">\n\t\t\t\t<p><\/p>\n\t\t\t\t\t\t\t\t<p class=\"ngg-album-gallery-image-counter\"><strong>11<\/strong>&nbsp;Zdj\u0119\u0107<\/p>\n\t\t\t\t\t\t\t<\/div>\n\t\t<\/div>\n\t<\/div>\n\n \t\n\t<div class=\"ngg-album\">\n\t\t<div class=\"ngg-albumtitle\"><a href=\"http:\/\/16lo.tarman.pl\/index.php\/nggallery\/klasa-wojskowa\/26-04-2013-zajecia-klasy-wojskowej-w-jednostce-wojskowej-32-odn?page_id=466\">[26.04.2013] Zaj\u0119cia klasy wojskowej w Jednostce Wojskowej - 32 ODN<\/a><\/div>\n\t\t\t<div class=\"ngg-albumcontent\">\n\t\t\t\t<div class=\"ngg-thumbnail\">\n\t\t\t\t\t<a href=\"http:\/\/16lo.tarman.pl\/index.php\/nggallery\/klasa-wojskowa\/26-04-2013-zajecia-klasy-wojskowej-w-jednostce-wojskowej-32-odn?page_id=466\"><img class=\"Thumb\" alt=\"[26.04.2013] Zaj\u0119cia klasy wojskowej w Jednostce Wojskowej - 32 ODN\" src=\"http:\/\/16lo.tarman.pl\/wp-content\/gallery\/26-04-2013-zajecia-klasy-wojskowej-w-jednostce-wojskowej-32-odn\/cache\/80.jpg-nggid047222-ngg0dyn-91x68-00f0w010c011r110f110r010t010.jpg\"\/><\/a>\n\t\t\t\t<\/div>\n\t\t\t\t<div class=\"ngg-description\">\n\t\t\t\t<p><\/p>\n\t\t\t\t\t\t\t\t<p class=\"ngg-album-gallery-image-counter\"><strong>79<\/strong>&nbsp;Zdj\u0119\u0107<\/p>\n\t\t\t\t\t\t\t<\/div>\n\t\t<\/div>\n\t<\/div>\n\n \t\n\t<div class=\"ngg-album\">\n\t\t<div class=\"ngg-albumtitle\"><a href=\"http:\/\/16lo.tarman.pl\/index.php\/nggallery\/klasa-wojskowa\/02-05-2013-podniesienie-flagi-panstwowej-w-dniu-swieta-flagi?page_id=466\">[02.05.2013] Podniesienie flagi pa\u0144stwowej w Dniu \u015awieta Flagi<\/a><\/div>\n\t\t\t<div class=\"ngg-albumcontent\">\n\t\t\t\t<div class=\"ngg-thumbnail\">\n\t\t\t\t\t<a href=\"http:\/\/16lo.tarman.pl\/index.php\/nggallery\/klasa-wojskowa\/02-05-2013-podniesienie-flagi-panstwowej-w-dniu-swieta-flagi?page_id=466\"><img class=\"Thumb\" alt=\"[02.05.2013] Podniesienie flagi pa\u0144stwowej w Dniu \u015awieta Flagi\" src=\"http:\/\/16lo.tarman.pl\/wp-content\/gallery\/02-05-2013-podniesienie-flagi-panstwowej-w-dniu-swieta-flagi\/cache\/dsc035.jpg-nggid047073-ngg0dyn-91x68-00f0w010c011r110f110r010t010.jpg\"\/><\/a>\n\t\t\t\t<\/div>\n\t\t\t\t<div class=\"ngg-description\">\n\t\t\t\t<p><\/p>\n\t\t\t\t\t\t\t\t<p class=\"ngg-album-gallery-image-counter\"><strong>35<\/strong>&nbsp;Zdj\u0119\u0107<\/p>\n\t\t\t\t\t\t\t<\/div>\n\t\t<\/div>\n\t<\/div>\n\n \t\n\t<div class=\"ngg-album\">\n\t\t<div class=\"ngg-albumtitle\"><a href=\"http:\/\/16lo.tarman.pl\/index.php\/nggallery\/klasa-wojskowa\/17-04-2013-nauka-poruszania-sie-po-roznym-terenie?page_id=466\">[17.04.2013] Nauka poruszania si\u0119 po r\u00f3\u017cnym terenie<\/a><\/div>\n\t\t\t<div class=\"ngg-albumcontent\">\n\t\t\t\t<div class=\"ngg-thumbnail\">\n\t\t\t\t\t<a href=\"http:\/\/16lo.tarman.pl\/index.php\/nggallery\/klasa-wojskowa\/17-04-2013-nauka-poruszania-sie-po-roznym-terenie?page_id=466\"><img class=\"Thumb\" alt=\"[17.04.2013] Nauka poruszania si\u0119 po r\u00f3\u017cnym terenie\" src=\"http:\/\/16lo.tarman.pl\/wp-content\/gallery\/17-04-2013-nauka-poruszania-sie-po-roznym-terenie\/cache\/dsc07163.jpg-nggid046364-ngg0dyn-91x68-00f0w010c011r110f110r010t010.jpg\"\/><\/a>\n\t\t\t\t<\/div>\n\t\t\t\t<div class=\"ngg-description\">\n\t\t\t\t<p><\/p>\n\t\t\t\t\t\t\t\t<p class=\"ngg-album-gallery-image-counter\"><strong>130<\/strong>&nbsp;Zdj\u0119\u0107<\/p>\n\t\t\t\t\t\t\t<\/div>\n\t\t<\/div>\n\t<\/div>\n\n \t\n\t<div class=\"ngg-album\">\n\t\t<div class=\"ngg-albumtitle\"><a href=\"http:\/\/16lo.tarman.pl\/index.php\/nggallery\/klasa-wojskowa\/10-12-04-2013-2-ogolnopolski-turniej-klas-mundurowych?page_id=466\">[10-12.04.2013] 2 Og\u00f3lnopolski Turniej Klas Mundurowych<\/a><\/div>\n\t\t\t<div class=\"ngg-albumcontent\">\n\t\t\t\t<div class=\"ngg-thumbnail\">\n\t\t\t\t\t<a href=\"http:\/\/16lo.tarman.pl\/index.php\/nggallery\/klasa-wojskowa\/10-12-04-2013-2-ogolnopolski-turniej-klas-mundurowych?page_id=466\"><img class=\"Thumb\" alt=\"[10-12.04.2013] 2 Og\u00f3lnopolski Turniej Klas Mundurowych\" src=\"http:\/\/16lo.tarman.pl\/wp-content\/gallery\/10-12-04-2013-2-ogolnopolski-turniej-klas-mundurowych\/cache\/p1280947.jpg-nggid046143-ngg0dyn-91x68-00f0w010c011r110f110r010t010.jpg\"\/><\/a>\n\t\t\t\t<\/div>\n\t\t\t\t<div class=\"ngg-description\">\n\t\t\t\t<p><\/p>\n\t\t\t\t\t\t\t\t<p class=\"ngg-album-gallery-image-counter\"><strong>106<\/strong>&nbsp;Zdj\u0119\u0107<\/p>\n\t\t\t\t\t\t\t<\/div>\n\t\t<\/div>\n\t<\/div>\n\n \t\n\t<div class=\"ngg-album\">\n\t\t<div class=\"ngg-albumtitle\"><a href=\"http:\/\/16lo.tarman.pl\/index.php\/nggallery\/klasa-wojskowa\/20-03-2013-uczniowie-klas-wojskowych-na-zajeciach-w-szkole-orlat-w-deblinie?page_id=466\">[20.03.2013] Uczniowie klas wojskowych na zaj\u0119ciach w Szkole Orl\u0105t w D\u0119blinie<\/a><\/div>\n\t\t\t<div class=\"ngg-albumcontent\">\n\t\t\t\t<div class=\"ngg-thumbnail\">\n\t\t\t\t\t<a href=\"http:\/\/16lo.tarman.pl\/index.php\/nggallery\/klasa-wojskowa\/20-03-2013-uczniowie-klas-wojskowych-na-zajeciach-w-szkole-orlat-w-deblinie?page_id=466\"><img class=\"Thumb\" alt=\"[20.03.2013] Uczniowie klas wojskowych na zaj\u0119ciach w Szkole Orl\u0105t w D\u0119blinie\" src=\"http:\/\/16lo.tarman.pl\/wp-content\/gallery\/20-03-2013-uczniowie-klas-wojskowych-na-zajeciach-w-szkole-orlat-w-deblinie\/cache\/dsc05630.jpg-nggid045620-ngg0dyn-91x68-00f0w010c011r110f110r010t010.jpg\"\/><\/a>\n\t\t\t\t<\/div>\n\t\t\t\t<div class=\"ngg-description\">\n\t\t\t\t<p><\/p>\n\t\t\t\t\t\t\t\t<p class=\"ngg-album-gallery-image-counter\"><strong>120<\/strong>&nbsp;Zdj\u0119\u0107<\/p>\n\t\t\t\t\t\t\t<\/div>\n\t\t<\/div>\n\t<\/div>\n\n \t\n\t<div class=\"ngg-album\">\n\t\t<div class=\"ngg-albumtitle\"><a href=\"http:\/\/16lo.tarman.pl\/index.php\/nggallery\/klasa-wojskowa\/01-03-2013-narodowy-dzien-pamieci-zolnierzy-wykletych?page_id=466\">[01.03.2013] Narodowy Dzie\u0144 Pami\u0119ci \u017bo\u0142nierzy Wykl\u0119tych<\/a><\/div>\n\t\t\t<div class=\"ngg-albumcontent\">\n\t\t\t\t<div class=\"ngg-thumbnail\">\n\t\t\t\t\t<a href=\"http:\/\/16lo.tarman.pl\/index.php\/nggallery\/klasa-wojskowa\/01-03-2013-narodowy-dzien-pamieci-zolnierzy-wykletych?page_id=466\"><img class=\"Thumb\" alt=\"[01.03.2013] Narodowy Dzie\u0144 Pami\u0119ci \u017bo\u0142nierzy Wykl\u0119tych\" src=\"http:\/\/16lo.tarman.pl\/wp-content\/gallery\/01-03-2013-narodowy-dzien-pamieci-zolnierzy-wykletych\/cache\/dsc05254.jpg-nggid044623-ngg0dyn-91x68-00f0w010c011r110f110r010t010.jpg\"\/><\/a>\n\t\t\t\t<\/div>\n\t\t\t\t<div class=\"ngg-description\">\n\t\t\t\t<p><\/p>\n\t\t\t\t\t\t\t\t<p class=\"ngg-album-gallery-image-counter\"><strong>40<\/strong>&nbsp;Zdj\u0119\u0107<\/p>\n\t\t\t\t\t\t\t<\/div>\n\t\t<\/div>\n\t<\/div>\n\n \t\n\t<div class=\"ngg-album\">\n\t\t<div class=\"ngg-albumtitle\"><a href=\"http:\/\/16lo.tarman.pl\/index.php\/nggallery\/klasa-wojskowa\/12-02-2013-konfernecja-poswiecona-rocznicy-i-deportacji-polakow-na-syberie?page_id=466\">[12.02.2013] Konfernecja po\u015bwi\u0119cona rocznicy I deportacji Polak\u00f3w na Syberi\u0119<\/a><\/div>\n\t\t\t<div class=\"ngg-albumcontent\">\n\t\t\t\t<div class=\"ngg-thumbnail\">\n\t\t\t\t\t<a href=\"http:\/\/16lo.tarman.pl\/index.php\/nggallery\/klasa-wojskowa\/12-02-2013-konfernecja-poswiecona-rocznicy-i-deportacji-polakow-na-syberie?page_id=466\"><img class=\"Thumb\" alt=\"[12.02.2013] Konfernecja po\u015bwi\u0119cona rocznicy I deportacji Polak\u00f3w na Syberi\u0119\" src=\"http:\/\/16lo.tarman.pl\/wp-content\/gallery\/12-02-2013-konfernecja-poswiecona-rocznicy-i-deportacji-polakow-na-syberie\/cache\/dsc05080.jpg-nggid044354-ngg0dyn-91x68-00f0w010c011r110f110r010t010.jpg\"\/><\/a>\n\t\t\t\t<\/div>\n\t\t\t\t<div class=\"ngg-description\">\n\t\t\t\t<p><\/p>\n\t\t\t\t\t\t\t\t<p class=\"ngg-album-gallery-image-counter\"><strong>14<\/strong>&nbsp;Zdj\u0119\u0107<\/p>\n\t\t\t\t\t\t\t<\/div>\n\t\t<\/div>\n\t<\/div>\n\n \t\n\t<div class=\"ngg-album\">\n\t\t<div class=\"ngg-albumtitle\"><a href=\"http:\/\/16lo.tarman.pl\/index.php\/nggallery\/klasa-wojskowa\/30-11-2012-spotkanie-ze-studentami-wojskowej-akademii-technicznej-w-warszawie?page_id=466\">[30.11.2012] Spotkanie ze studentami Wojskowej Akademii Technicznej w Warszawie<\/a><\/div>\n\t\t\t<div class=\"ngg-albumcontent\">\n\t\t\t\t<div class=\"ngg-thumbnail\">\n\t\t\t\t\t<a href=\"http:\/\/16lo.tarman.pl\/index.php\/nggallery\/klasa-wojskowa\/30-11-2012-spotkanie-ze-studentami-wojskowej-akademii-technicznej-w-warszawie?page_id=466\"><img class=\"Thumb\" alt=\"[30.11.2012] Spotkanie ze studentami Wojskowej Akademii Technicznej w Warszawie\" src=\"http:\/\/16lo.tarman.pl\/wp-content\/gallery\/30-11-2012-spotkanie-ze-studentami-wojskowej-akademii-technicznej-w-warszawie\/cache\/dsc04215.jpg-nggid043361-ngg0dyn-91x68-00f0w010c011r110f110r010t010.jpg\"\/><\/a>\n\t\t\t\t<\/div>\n\t\t\t\t<div class=\"ngg-description\">\n\t\t\t\t<p><\/p>\n\t\t\t\t\t\t\t\t<p class=\"ngg-album-gallery-image-counter\"><strong>29<\/strong>&nbsp;Zdj\u0119\u0107<\/p>\n\t\t\t\t\t\t\t<\/div>\n\t\t<\/div>\n\t<\/div>\n\n \t\n\t<div class=\"ngg-album\">\n\t\t<div class=\"ngg-albumtitle\"><a href=\"http:\/\/16lo.tarman.pl\/index.php\/nggallery\/klasa-wojskowa\/11-10-2012-obchody-swieta-inspektoratu-wsparcia-sz-oraz-dnia-otwartych-koszar?page_id=466\">[11.10.2012] obchody \u015bwi\u0119ta Inspektoratu Wsparcia SZ oraz Dnia Otwartych Koszar<\/a><\/div>\n\t\t\t<div class=\"ngg-albumcontent\">\n\t\t\t\t<div class=\"ngg-thumbnail\">\n\t\t\t\t\t<a href=\"http:\/\/16lo.tarman.pl\/index.php\/nggallery\/klasa-wojskowa\/11-10-2012-obchody-swieta-inspektoratu-wsparcia-sz-oraz-dnia-otwartych-koszar?page_id=466\"><img class=\"Thumb\" alt=\"[11.10.2012] obchody \u015bwi\u0119ta Inspektoratu Wsparcia SZ oraz Dnia Otwartych Koszar\" src=\"http:\/\/16lo.tarman.pl\/wp-content\/gallery\/11-10-2012-obchody-swieta-inspektoratu-wsparcia-sz-oraz-dnia-otwartych-koszar\/cache\/top_2148_imagelarge.jpg-nggid042659-ngg0dyn-91x68-00f0w010c011r110f110r010t010.jpg\"\/><\/a>\n\t\t\t\t<\/div>\n\t\t\t\t<div class=\"ngg-description\">\n\t\t\t\t<p><\/p>\n\t\t\t\t\t\t\t\t<p class=\"ngg-album-gallery-image-counter\"><strong>62<\/strong>&nbsp;Zdj\u0119\u0107<\/p>\n\t\t\t\t\t\t\t<\/div>\n\t\t<\/div>\n\t<\/div>\n\n \t\n\t<div class=\"ngg-album\">\n\t\t<div class=\"ngg-albumtitle\"><a href=\"http:\/\/16lo.tarman.pl\/index.php\/nggallery\/klasa-wojskowa\/27-28-09-2012-skoczek-spadochronowy-sluzb-ochrony?page_id=466\">[27-28.09.2012] Skoczek Spadochronowy S\u0142u\u017cb Ochrony<\/a><\/div>\n\t\t\t<div class=\"ngg-albumcontent\">\n\t\t\t\t<div class=\"ngg-thumbnail\">\n\t\t\t\t\t<a href=\"http:\/\/16lo.tarman.pl\/index.php\/nggallery\/klasa-wojskowa\/27-28-09-2012-skoczek-spadochronowy-sluzb-ochrony?page_id=466\"><img class=\"Thumb\" alt=\"[27-28.09.2012] Skoczek Spadochronowy S\u0142u\u017cb Ochrony\" src=\"http:\/\/16lo.tarman.pl\/wp-content\/gallery\/27-28-09-2012-skoczek-spadochronowy-sluzb-ochrony\/cache\/img_5094.jpg-nggid042432-ngg0dyn-91x68-00f0w010c011r110f110r010t010.jpg\"\/><\/a>\n\t\t\t\t<\/div>\n\t\t\t\t<div class=\"ngg-description\">\n\t\t\t\t<p><\/p>\n\t\t\t\t\t\t\t\t<p class=\"ngg-album-gallery-image-counter\"><strong>16<\/strong>&nbsp;Zdj\u0119\u0107<\/p>\n\t\t\t\t\t\t\t<\/div>\n\t\t<\/div>\n\t<\/div>\n\n \t\n\t<div class=\"ngg-album\">\n\t\t<div class=\"ngg-albumtitle\"><a href=\"http:\/\/16lo.tarman.pl\/index.php\/nggallery\/klasa-wojskowa\/odsloniecie-tablicy-upamietniajacej-nadanie-imienia-pasowanie-klas-pierwszych?page_id=466\">Ods\u0142oni\u0119cie tablicy upami\u0119tniaj\u0105cej nadanie imienia, pasowanie klas pierwszych<\/a><\/div>\n\t\t\t<div class=\"ngg-albumcontent\">\n\t\t\t\t<div class=\"ngg-thumbnail\">\n\t\t\t\t\t<a href=\"http:\/\/16lo.tarman.pl\/index.php\/nggallery\/klasa-wojskowa\/odsloniecie-tablicy-upamietniajacej-nadanie-imienia-pasowanie-klas-pierwszych?page_id=466\"><img class=\"Thumb\" alt=\"Ods\u0142oni\u0119cie tablicy upami\u0119tniaj\u0105cej nadanie imienia, pasowanie klas pierwszych\" src=\"http:\/\/16lo.tarman.pl\/wp-content\/gallery\/odsloniecie-tablicy-upamietniajacej-nadanie-imienia-pasowanie-klas-pierwszych\/cache\/umt50_imagelarge.jpg-nggid041865-ngg0dyn-91x68-00f0w010c011r110f110r010t010.jpg\"\/><\/a>\n\t\t\t\t<\/div>\n\t\t\t\t<div class=\"ngg-description\">\n\t\t\t\t<p><\/p>\n\t\t\t\t\t\t\t\t<p class=\"ngg-album-gallery-image-counter\"><strong>50<\/strong>&nbsp;Zdj\u0119\u0107<\/p>\n\t\t\t\t\t\t\t<\/div>\n\t\t<\/div>\n\t<\/div>\n\n \t\n\t<div class=\"ngg-album\">\n\t\t<div class=\"ngg-albumtitle\"><a href=\"http:\/\/16lo.tarman.pl\/index.php\/nggallery\/klasa-wojskowa\/nadanie-im-armii-krajowej-xvi-liceum-ogolnoksztalcacemu?page_id=466\">Nadanie im. Armii Krajowej XVI Liceum Og\u00f3lnokszta\u0142c\u0105cemu<\/a><\/div>\n\t\t\t<div class=\"ngg-albumcontent\">\n\t\t\t\t<div class=\"ngg-thumbnail\">\n\t\t\t\t\t<a href=\"http:\/\/16lo.tarman.pl\/index.php\/nggallery\/klasa-wojskowa\/nadanie-im-armii-krajowej-xvi-liceum-ogolnoksztalcacemu?page_id=466\"><img class=\"Thumb\" alt=\"Nadanie im. Armii Krajowej XVI Liceum Og\u00f3lnokszta\u0142c\u0105cemu\" src=\"http:\/\/16lo.tarman.pl\/wp-content\/gallery\/nadanie-im-armii-krajowej-xvi-liceum-ogolnoksztalcacemu\/cache\/dsc_0361_imagelarge.jpg-nggid041815-ngg0dyn-91x68-00f0w010c011r110f110r010t010.jpg\"\/><\/a>\n\t\t\t\t<\/div>\n\t\t\t\t<div class=\"ngg-description\">\n\t\t\t\t<p><\/p>\n\t\t\t\t\t\t\t\t<p class=\"ngg-album-gallery-image-counter\"><strong>60<\/strong>&nbsp;Zdj\u0119\u0107<\/p>\n\t\t\t\t\t\t\t<\/div>\n\t\t<\/div>\n\t<\/div>\n\n \t\n\t<div class=\"ngg-album\">\n\t\t<div class=\"ngg-albumtitle\"><a href=\"http:\/\/16lo.tarman.pl\/index.php\/nggallery\/klasa-wojskowa\/01-07-2012-manewry-wakacyjne?page_id=466\">[01.07.2012] Manewry wakacyjne<\/a><\/div>\n\t\t\t<div class=\"ngg-albumcontent\">\n\t\t\t\t<div class=\"ngg-thumbnail\">\n\t\t\t\t\t<a href=\"http:\/\/16lo.tarman.pl\/index.php\/nggallery\/klasa-wojskowa\/01-07-2012-manewry-wakacyjne?page_id=466\"><img class=\"Thumb\" alt=\"[01.07.2012] Manewry wakacyjne\" src=\"http:\/\/16lo.tarman.pl\/wp-content\/gallery\/01-07-2012-manewry-wakacyjne_1\/cache\/43.jpg-nggid03145-ngg0dyn-91x68-00f0w010c011r110f110r010t010.jpg\"\/><\/a>\n\t\t\t\t<\/div>\n\t\t\t\t<div class=\"ngg-description\">\n\t\t\t\t<p><\/p>\n\t\t\t\t\t\t\t\t<p class=\"ngg-album-gallery-image-counter\"><strong>61<\/strong>&nbsp;Zdj\u0119\u0107<\/p>\n\t\t\t\t\t\t\t<\/div>\n\t\t<\/div>\n\t<\/div>\n\n \t \t\n\t<!-- Pagination -->\n \t<div class='ngg-clear'><\/div> \t\n<\/div>\n\n\n","protected":false},"excerpt":{"rendered":"","protected":false},"author":1,"featured_media":0,"parent":0,"menu_order":0,"comment_status":"closed","ping_status":"closed","template":"","meta":{"ngg_post_thumbnail":0},"_links":{"self":[{"href":"http:\/\/16lo.tarman.pl\/index.php?rest_route=\/wp\/v2\/pages\/466"}],"collection":[{"href":"http:\/\/16lo.tarman.pl\/index.php?rest_route=\/wp\/v2\/pages"}],"about":[{"href":"http:\/\/16lo.tarman.pl\/index.php?rest_route=\/wp\/v2\/types\/page"}],"author":[{"embeddable":true,"href":"http:\/\/16lo.tarman.pl\/index.php?rest_route=\/wp\/v2\/users\/1"}],"replies":[{"embeddable":true,"href":"http:\/\/16lo.tarman.pl\/index.php?rest_route=%2Fwp%2Fv2%2Fcomments&post=466"}],"version-history":[{"count":8,"href":"http:\/\/16lo.tarman.pl\/index.php?rest_route=\/wp\/v2\/pages\/466\/revisions"}],"predecessor-version":[{"id":57888,"href":"http:\/\/16lo.tarman.pl\/index.php?rest_route=\/wp\/v2\/pages\/466\/revisions\/57888"}],"wp:attachment":[{"href":"http:\/\/16lo.tarman.pl\/index.php?rest_route=%2Fwp%2Fv2%2Fmedia&parent=466"}],"curies":[{"name":"wp","href":"https:\/\/api.w.org\/{rel}","templated":true}]}}